{"id":1240,"date":"2021-12-18T00:15:24","date_gmt":"2021-12-18T00:15:24","guid":{"rendered":"https:\/\/creative-europe.lu\/creative-europe-desk-luxembourg\/"},"modified":"2023-12-20T13:33:40","modified_gmt":"2023-12-20T12:33:40","slug":"creative-europe-desk-luxembourg","status":"publish","type":"page","link":"https:\/\/creative-europe.lu\/fr\/creative-europe-desk-luxembourg\/","title":{"rendered":"CREATIVE EUROPE DESK LUXEMBOURG"},"content":{"rendered":"<div class=\"wpb-content-wrapper\"><p>[vc_row full_width=\u00a0\u00bbstretch_row\u00a0\u00bb equal_height=\u00a0\u00bbyes\u00a0\u00bb content_placement=\u00a0\u00bbmiddle\u00a0\u00bb parallax=\u00a0\u00bbcontent-moving-fade\u00a0\u00bb parallax_image=\u00a0\u00bb38&Prime; el_class=\u00a0\u00bboverlay-gradient\u00a0\u00bb css=\u00a0\u00bb.vc_custom_1637761315961{padding-top: 20% !important;}\u00a0\u00bb][vc_column width=\u00a0\u00bb2\/3&Prime;][vc_column_text]<\/p>\n<h3>Le Creative Europe Desk Luxembourg informe et conseille sur le programme Europe cr\u00e9ative et s&rsquo;adresse aux professionnels du secteur culturel et cr\u00e9atif bas\u00e9s au Luxembourg.<\/h3>\n<p>[\/vc_column_text][\/vc_column][vc_column width=\u00a0\u00bb1\/3&Prime;][\/vc_column][\/vc_row][vc_row equal_height=\u00a0\u00bbyes\u00a0\u00bb content_placement=\u00a0\u00bbtop\u00a0\u00bb][vc_column][vc_custom_heading text=\u00a0\u00bbQui sommes-nous?\u00a0\u00bb use_theme_fonts=\u00a0\u00bbyes\u00a0\u00bb][\/vc_column][\/vc_row][vc_row gap=\u00a0\u00bb35&Prime; equal_height=\u00a0\u00bbyes\u00a0\u00bb content_placement=\u00a0\u00bbmiddle\u00a0\u00bb][vc_column width=\u00a0\u00bb1\/2&Prime;][vc_column_text]Les Creative Europe Desks sont un guichet unique \u00e9tabli dans chacun des pays participant au programme. Le desk luxembourgeois est op\u00e9r\u00e9 par deux organisations-h\u00f4tes : le Film Fund Luxembourg h\u00e9berge le desk MEDIA, tandis que le desk Culture est g\u00e9r\u00e9 par le Minist\u00e8re de la Culture.[\/vc_column_text][\/vc_column][vc_column width=\u00a0\u00bb1\/2&Prime;][vc_row_inner equal_height=\u00a0\u00bbyes\u00a0\u00bb content_placement=\u00a0\u00bbmiddle\u00a0\u00bb][vc_column_inner width=\u00a0\u00bb1\/2&Prime;][vc_single_image image=\u00a0\u00bb4482&Prime; img_size=\u00a0\u00bbmedium\u00a0\u00bb alignment=\u00a0\u00bbcenter\u00a0\u00bb el_class=\u00a0\u00bblogo-white\u00a0\u00bb][\/vc_column_inner][vc_column_inner width=\u00a0\u00bb1\/2&Prime;][vc_single_image image=\u00a0\u00bb4512&Prime; img_size=\u00a0\u00bbmedium\u00a0\u00bb alignment=\u00a0\u00bbcenter\u00a0\u00bb el_class=\u00a0\u00bblogo-white\u00a0\u00bb][\/vc_column_inner][\/vc_row_inner][\/vc_column][\/vc_row][vc_row][vc_column width=\u00a0\u00bb1\/6&Prime;][\/vc_column][vc_column width=\u00a0\u00bb2\/3&Prime;][vc_row_inner equal_height=\u00a0\u00bbyes\u00a0\u00bb content_placement=\u00a0\u00bbbottom\u00a0\u00bb gap=\u00a0\u00bb35&Prime;][vc_column_inner width=\u00a0\u00bb1\/2&Prime;][vc_single_image image=\u00a0\u00bb829&Prime; img_size=\u00a0\u00bbfull\u00a0\u00bb][vc_custom_heading text=\u00a0\u00bbCarole Kremer\u00a0\u00bb font_container=\u00a0\u00bbtag:h4|text_align:left\u00a0\u00bb use_theme_fonts=\u00a0\u00bbyes\u00a0\u00bb][vc_custom_heading text=\u00a0\u00bbCreative Europe Desk Luxembourg<br \/>\nMEDIA\u00a0\u00bb font_container=\u00a0\u00bbtag:p|text_align:left\u00a0\u00bb use_theme_fonts=\u00a0\u00bbyes\u00a0\u00bb][\/vc_column_inner][vc_column_inner width=\u00a0\u00bb1\/2&Prime;][vc_single_image image=\u00a0\u00bb4138&Prime; img_size=\u00a0\u00bb800&#215;1200&Prime;][vc_custom_heading text=\u00a0\u00bbJulie Mathieu\u00a0\u00bb font_container=\u00a0\u00bbtag:h4|text_align:left\u00a0\u00bb use_theme_fonts=\u00a0\u00bbyes\u00a0\u00bb][vc_custom_heading text=\u00a0\u00bbCreative Europe Desk Luxembourg<br \/>\nCulture\u00a0\u00bb font_container=\u00a0\u00bbtag:p|text_align:left\u00a0\u00bb use_theme_fonts=\u00a0\u00bbyes\u00a0\u00bb][\/vc_column_inner][\/vc_row_inner][\/vc_column][vc_column width=\u00a0\u00bb1\/6&Prime;][\/vc_column][\/vc_row][vc_row css=\u00a0\u00bb.vc_custom_1637762595223{padding-bottom: 20% !important;}\u00a0\u00bb][vc_column][\/vc_column][\/vc_row]<\/p>\n<\/div>","protected":false},"excerpt":{"rendered":"<p>[vc_row full_width=\u00a0\u00bbstretch_row\u00a0\u00bb equal_height=\u00a0\u00bbyes\u00a0\u00bb content_placement=\u00a0\u00bbmiddle\u00a0\u00bb parallax=\u00a0\u00bbcontent-moving-fade\u00a0\u00bb parallax_image=\u00a0\u00bb38&Prime; el_class=\u00a0\u00bboverlay-gradient\u00a0\u00bb css=\u00a0\u00bb.vc_custom_1637761315961{padding-top: 20% !important;}\u00a0\u00bb][vc_column width=\u00a0\u00bb2\/3&Prime;][vc_column_text] Le Creative Europe Desk Luxembourg informe et conseille sur le programme Europe cr\u00e9ative et s&rsquo;adresse aux professionnels du secteur culturel et cr\u00e9atif bas\u00e9s au Luxembourg. [\/vc_column_text][\/vc_column][vc_column width=\u00a0\u00bb1\/3&Prime;][\/vc_column][\/vc_row][vc_row equal_height=\u00a0\u00bbyes\u00a0\u00bb content_placement=\u00a0\u00bbtop\u00a0\u00bb][vc_column][vc_custom_heading text=\u00a0\u00bbQui sommes-nous?\u00a0\u00bb use_theme_fonts=\u00a0\u00bbyes\u00a0\u00bb][\/vc_column][\/vc_row][vc_row gap=\u00a0\u00bb35&Prime; equal_height=\u00a0\u00bbyes\u00a0\u00bb content_placement=\u00a0\u00bbmiddle\u00a0\u00bb][vc_column width=\u00a0\u00bb1\/2&Prime;][vc_column_text]Les Creative Europe Desks sont un guichet unique \u00e9tabli [&hellip;]<\/p>\n","protected":false},"author":1,"featured_media":0,"parent":0,"menu_order":0,"comment_status":"closed","ping_status":"closed","template":"","meta":{"_acf_changed":false,"inline_featured_image":false,"footnotes":""},"class_list":["post-1240","page","type-page","status-publish","hentry"],"acf":[],"yoast_head":"<!-- This site is optimized with the Yoast SEO plugin v27.3 - https:\/\/yoast.com\/product\/yoast-seo-wordpress\/ -->\n<title>CREATIVE EUROPE DESK LUXEMBOURG - Creative Europe<\/title>\n<meta name=\"robots\" content=\"index, follow, max-snippet:-1, max-image-preview:large, max-video-preview:-1\" \/>\n<link rel=\"canonical\" href=\"https:\/\/creative-europe.lu\/fr\/creative-europe-desk-luxembourg\/\" \/>\n<meta property=\"og:locale\" content=\"fr_FR\" \/>\n<meta property=\"og:type\" content=\"article\" \/>\n<meta property=\"og:title\" content=\"CREATIVE EUROPE DESK LUXEMBOURG - Creative Europe\" \/>\n<meta property=\"og:description\" content=\"[vc_row full_width=\u00a0\u00bbstretch_row\u00a0\u00bb equal_height=\u00a0\u00bbyes\u00a0\u00bb content_placement=\u00a0\u00bbmiddle\u00a0\u00bb parallax=\u00a0\u00bbcontent-moving-fade\u00a0\u00bb parallax_image=\u00a0\u00bb38&Prime; el_class=\u00a0\u00bboverlay-gradient\u00a0\u00bb css=\u00a0\u00bb.vc_custom_1637761315961{padding-top: 20% !important;}\u00a0\u00bb][vc_column width=\u00a0\u00bb2\/3&Prime;][vc_column_text] Le Creative Europe Desk Luxembourg informe et conseille sur le programme Europe cr\u00e9ative et s&rsquo;adresse aux professionnels du secteur culturel et cr\u00e9atif bas\u00e9s au Luxembourg. [\/vc_column_text][\/vc_column][vc_column width=\u00a0\u00bb1\/3&Prime;][\/vc_column][\/vc_row][vc_row equal_height=\u00a0\u00bbyes\u00a0\u00bb content_placement=\u00a0\u00bbtop\u00a0\u00bb][vc_column][vc_custom_heading text=\u00a0\u00bbQui sommes-nous?\u00a0\u00bb use_theme_fonts=\u00a0\u00bbyes\u00a0\u00bb][\/vc_column][\/vc_row][vc_row gap=\u00a0\u00bb35&Prime; equal_height=\u00a0\u00bbyes\u00a0\u00bb content_placement=\u00a0\u00bbmiddle\u00a0\u00bb][vc_column width=\u00a0\u00bb1\/2&Prime;][vc_column_text]Les Creative Europe Desks sont un guichet unique \u00e9tabli [&hellip;]\" \/>\n<meta property=\"og:url\" content=\"https:\/\/creative-europe.lu\/fr\/creative-europe-desk-luxembourg\/\" \/>\n<meta property=\"og:site_name\" content=\"Creative Europe\" \/>\n<meta property=\"article:modified_time\" content=\"2023-12-20T12:33:40+00:00\" \/>\n<meta property=\"og:image\" content=\"https:\/\/creative-europe.lu\/wp-content\/uploads\/2021\/12\/ce_desklux_blue_logo.png\" \/>\n\t<meta property=\"og:image:width\" content=\"2476\" \/>\n\t<meta property=\"og:image:height\" content=\"527\" \/>\n\t<meta property=\"og:image:type\" content=\"image\/png\" \/>\n<meta name=\"twitter:card\" content=\"summary_large_image\" \/>\n<meta name=\"twitter:label1\" content=\"Dur\u00e9e de lecture estim\u00e9e\" \/>\n\t<meta name=\"twitter:data1\" content=\"1 minute\" \/>\n<script type=\"application\/ld+json\" class=\"yoast-schema-graph\">{\"@context\":\"https:\\\/\\\/schema.org\",\"@graph\":[{\"@type\":\"WebPage\",\"@id\":\"https:\\\/\\\/creative-europe.lu\\\/fr\\\/creative-europe-desk-luxembourg\\\/\",\"url\":\"https:\\\/\\\/creative-europe.lu\\\/fr\\\/creative-europe-desk-luxembourg\\\/\",\"name\":\"CREATIVE EUROPE DESK LUXEMBOURG - Creative Europe\",\"isPartOf\":{\"@id\":\"https:\\\/\\\/creative-europe.lu\\\/fr\\\/#website\"},\"datePublished\":\"2021-12-18T00:15:24+00:00\",\"dateModified\":\"2023-12-20T12:33:40+00:00\",\"breadcrumb\":{\"@id\":\"https:\\\/\\\/creative-europe.lu\\\/fr\\\/creative-europe-desk-luxembourg\\\/#breadcrumb\"},\"inLanguage\":\"fr-FR\",\"potentialAction\":[{\"@type\":\"ReadAction\",\"target\":[\"https:\\\/\\\/creative-europe.lu\\\/fr\\\/creative-europe-desk-luxembourg\\\/\"]}]},{\"@type\":\"BreadcrumbList\",\"@id\":\"https:\\\/\\\/creative-europe.lu\\\/fr\\\/creative-europe-desk-luxembourg\\\/#breadcrumb\",\"itemListElement\":[{\"@type\":\"ListItem\",\"position\":1,\"name\":\"Home\",\"item\":\"https:\\\/\\\/creative-europe.lu\\\/fr\\\/home\\\/\"},{\"@type\":\"ListItem\",\"position\":2,\"name\":\"CREATIVE EUROPE DESK LUXEMBOURG\"}]},{\"@type\":\"WebSite\",\"@id\":\"https:\\\/\\\/creative-europe.lu\\\/fr\\\/#website\",\"url\":\"https:\\\/\\\/creative-europe.lu\\\/fr\\\/\",\"name\":\"Creative Europe\",\"description\":\"\",\"publisher\":{\"@id\":\"https:\\\/\\\/creative-europe.lu\\\/fr\\\/#organization\"},\"potentialAction\":[{\"@type\":\"SearchAction\",\"target\":{\"@type\":\"EntryPoint\",\"urlTemplate\":\"https:\\\/\\\/creative-europe.lu\\\/fr\\\/?s={search_term_string}\"},\"query-input\":{\"@type\":\"PropertyValueSpecification\",\"valueRequired\":true,\"valueName\":\"search_term_string\"}}],\"inLanguage\":\"fr-FR\"},{\"@type\":\"Organization\",\"@id\":\"https:\\\/\\\/creative-europe.lu\\\/fr\\\/#organization\",\"name\":\"Creative Europe | Desk Luxembourg\",\"url\":\"https:\\\/\\\/creative-europe.lu\\\/fr\\\/\",\"logo\":{\"@type\":\"ImageObject\",\"inLanguage\":\"fr-FR\",\"@id\":\"https:\\\/\\\/creative-europe.lu\\\/fr\\\/#\\\/schema\\\/logo\\\/image\\\/\",\"url\":\"https:\\\/\\\/creative-europe.lu\\\/wp-content\\\/uploads\\\/2021\\\/12\\\/ce_desklux_blue_logo.png\",\"contentUrl\":\"https:\\\/\\\/creative-europe.lu\\\/wp-content\\\/uploads\\\/2021\\\/12\\\/ce_desklux_blue_logo.png\",\"width\":2476,\"height\":527,\"caption\":\"Creative Europe | Desk Luxembourg\"},\"image\":{\"@id\":\"https:\\\/\\\/creative-europe.lu\\\/fr\\\/#\\\/schema\\\/logo\\\/image\\\/\"}}]}<\/script>\n<!-- \/ Yoast SEO plugin. -->","yoast_head_json":{"title":"CREATIVE EUROPE DESK LUXEMBOURG - Creative Europe","robots":{"index":"index","follow":"follow","max-snippet":"max-snippet:-1","max-image-preview":"max-image-preview:large","max-video-preview":"max-video-preview:-1"},"canonical":"https:\/\/creative-europe.lu\/fr\/creative-europe-desk-luxembourg\/","og_locale":"fr_FR","og_type":"article","og_title":"CREATIVE EUROPE DESK LUXEMBOURG - Creative Europe","og_description":"[vc_row full_width=\u00a0\u00bbstretch_row\u00a0\u00bb equal_height=\u00a0\u00bbyes\u00a0\u00bb content_placement=\u00a0\u00bbmiddle\u00a0\u00bb parallax=\u00a0\u00bbcontent-moving-fade\u00a0\u00bb parallax_image=\u00a0\u00bb38&Prime; el_class=\u00a0\u00bboverlay-gradient\u00a0\u00bb css=\u00a0\u00bb.vc_custom_1637761315961{padding-top: 20% !important;}\u00a0\u00bb][vc_column width=\u00a0\u00bb2\/3&Prime;][vc_column_text] Le Creative Europe Desk Luxembourg informe et conseille sur le programme Europe cr\u00e9ative et s&rsquo;adresse aux professionnels du secteur culturel et cr\u00e9atif bas\u00e9s au Luxembourg. [\/vc_column_text][\/vc_column][vc_column width=\u00a0\u00bb1\/3&Prime;][\/vc_column][\/vc_row][vc_row equal_height=\u00a0\u00bbyes\u00a0\u00bb content_placement=\u00a0\u00bbtop\u00a0\u00bb][vc_column][vc_custom_heading text=\u00a0\u00bbQui sommes-nous?\u00a0\u00bb use_theme_fonts=\u00a0\u00bbyes\u00a0\u00bb][\/vc_column][\/vc_row][vc_row gap=\u00a0\u00bb35&Prime; equal_height=\u00a0\u00bbyes\u00a0\u00bb content_placement=\u00a0\u00bbmiddle\u00a0\u00bb][vc_column width=\u00a0\u00bb1\/2&Prime;][vc_column_text]Les Creative Europe Desks sont un guichet unique \u00e9tabli [&hellip;]","og_url":"https:\/\/creative-europe.lu\/fr\/creative-europe-desk-luxembourg\/","og_site_name":"Creative Europe","article_modified_time":"2023-12-20T12:33:40+00:00","og_image":[{"width":2476,"height":527,"url":"https:\/\/creative-europe.lu\/wp-content\/uploads\/2021\/12\/ce_desklux_blue_logo.png","type":"image\/png"}],"twitter_card":"summary_large_image","twitter_misc":{"Dur\u00e9e de lecture estim\u00e9e":"1 minute"},"schema":{"@context":"https:\/\/schema.org","@graph":[{"@type":"WebPage","@id":"https:\/\/creative-europe.lu\/fr\/creative-europe-desk-luxembourg\/","url":"https:\/\/creative-europe.lu\/fr\/creative-europe-desk-luxembourg\/","name":"CREATIVE EUROPE DESK LUXEMBOURG - Creative Europe","isPartOf":{"@id":"https:\/\/creative-europe.lu\/fr\/#website"},"datePublished":"2021-12-18T00:15:24+00:00","dateModified":"2023-12-20T12:33:40+00:00","breadcrumb":{"@id":"https:\/\/creative-europe.lu\/fr\/creative-europe-desk-luxembourg\/#breadcrumb"},"inLanguage":"fr-FR","potentialAction":[{"@type":"ReadAction","target":["https:\/\/creative-europe.lu\/fr\/creative-europe-desk-luxembourg\/"]}]},{"@type":"BreadcrumbList","@id":"https:\/\/creative-europe.lu\/fr\/creative-europe-desk-luxembourg\/#breadcrumb","itemListElement":[{"@type":"ListItem","position":1,"name":"Home","item":"https:\/\/creative-europe.lu\/fr\/home\/"},{"@type":"ListItem","position":2,"name":"CREATIVE EUROPE DESK LUXEMBOURG"}]},{"@type":"WebSite","@id":"https:\/\/creative-europe.lu\/fr\/#website","url":"https:\/\/creative-europe.lu\/fr\/","name":"Creative Europe","description":"","publisher":{"@id":"https:\/\/creative-europe.lu\/fr\/#organization"},"potentialAction":[{"@type":"SearchAction","target":{"@type":"EntryPoint","urlTemplate":"https:\/\/creative-europe.lu\/fr\/?s={search_term_string}"},"query-input":{"@type":"PropertyValueSpecification","valueRequired":true,"valueName":"search_term_string"}}],"inLanguage":"fr-FR"},{"@type":"Organization","@id":"https:\/\/creative-europe.lu\/fr\/#organization","name":"Creative Europe | Desk Luxembourg","url":"https:\/\/creative-europe.lu\/fr\/","logo":{"@type":"ImageObject","inLanguage":"fr-FR","@id":"https:\/\/creative-europe.lu\/fr\/#\/schema\/logo\/image\/","url":"https:\/\/creative-europe.lu\/wp-content\/uploads\/2021\/12\/ce_desklux_blue_logo.png","contentUrl":"https:\/\/creative-europe.lu\/wp-content\/uploads\/2021\/12\/ce_desklux_blue_logo.png","width":2476,"height":527,"caption":"Creative Europe | Desk Luxembourg"},"image":{"@id":"https:\/\/creative-europe.lu\/fr\/#\/schema\/logo\/image\/"}}]}},"_links":{"self":[{"href":"https:\/\/creative-europe.lu\/fr\/wp-json\/wp\/v2\/pages\/1240","targetHints":{"allow":["GET"]}}],"collection":[{"href":"https:\/\/creative-europe.lu\/fr\/wp-json\/wp\/v2\/pages"}],"about":[{"href":"https:\/\/creative-europe.lu\/fr\/wp-json\/wp\/v2\/types\/page"}],"author":[{"embeddable":true,"href":"https:\/\/creative-europe.lu\/fr\/wp-json\/wp\/v2\/users\/1"}],"replies":[{"embeddable":true,"href":"https:\/\/creative-europe.lu\/fr\/wp-json\/wp\/v2\/comments?post=1240"}],"version-history":[{"count":37,"href":"https:\/\/creative-europe.lu\/fr\/wp-json\/wp\/v2\/pages\/1240\/revisions"}],"predecessor-version":[{"id":4517,"href":"https:\/\/creative-europe.lu\/fr\/wp-json\/wp\/v2\/pages\/1240\/revisions\/4517"}],"wp:attachment":[{"href":"https:\/\/creative-europe.lu\/fr\/wp-json\/wp\/v2\/media?parent=1240"}],"curies":[{"name":"wp","href":"https:\/\/api.w.org\/{rel}","templated":true}]}}