{"id":1142,"date":"2021-12-15T23:44:38","date_gmt":"2021-12-15T23:44:38","guid":{"rendered":"https:\/\/creative-europe.lu\/publications\/"},"modified":"2021-12-15T23:45:11","modified_gmt":"2021-12-15T23:45:11","slug":"publications","status":"publish","type":"page","link":"https:\/\/creative-europe.lu\/fr\/publications\/","title":{"rendered":"Publications"},"content":{"rendered":"<div class=\"wpb-content-wrapper\"><p>[vc_row full_width=\u00a0\u00bbstretch_row\u00a0\u00bb content_placement=\u00a0\u00bbmiddle\u00a0\u00bb parallax=\u00a0\u00bbcontent-moving-fade\u00a0\u00bb parallax_image=\u00a0\u00bb984&Prime; el_class=\u00a0\u00bboverlay-gradient\u00a0\u00bb css=\u00a0\u00bb.vc_custom_1638297414500{padding-top: 20% !important;}\u00a0\u00bb][vc_column width=\u00a0\u00bb2\/3&Prime; css=\u00a0\u00bb.vc_custom_1638306692729{margin-top: 0px !important;}\u00a0\u00bb][vc_custom_heading source=\u00a0\u00bbpost_title\u00a0\u00bb font_container=\u00a0\u00bbtag:h4|text_align:left\u00a0\u00bb google_fonts=\u00a0\u00bbfont_family:Roboto%3A100%2C100italic%2C300%2C300italic%2Cregular%2Citalic%2C500%2C500italic%2C700%2C700italic%2C900%2C900italic|font_style:100%20light%20regular%3A100%3Anormal\u00a0\u00bb css=\u00a0\u00bb.vc_custom_1638306932165{margin-bottom: 0px !important;padding-bottom: 0px !important;}\u00a0\u00bb][vc_column_text css=\u00a0\u00bb.vc_custom_1638307157066{margin-top: 0px !important;padding-top: 0px !important;}\u00a0\u00bb el_class=\u00a0\u00bbheader-intro-text\u00a0\u00bb]<\/p>\n<h2>Les Creative Europe Desks Culture et MEDIA \u2013 Luxembourg, ainsi que la Commission europ\u00e9enne et les desks d\u2019autres pays publient des supports d\u2019information sur le financement europ\u00e9en pour les secteurs culturels, cr\u00e9atifs et audiovisuels.<\/h2>\n<p>[\/vc_column_text][\/vc_column][vc_column width=\u00a0\u00bb1\/3&Prime;][\/vc_column][\/vc_row][vc_row gap=\u00a0\u00bb35&Prime; css=\u00a0\u00bb.vc_custom_1638298129343{padding-bottom: 5% !important;}\u00a0\u00bb][vc_column width=\u00a0\u00bb1\/2&Prime;][vc_column_text]<\/p>\n<h4>En outre, une s\u00e9lection d\u2019\u00e9tudes, d\u2019enqu\u00eates, de documents de politique culturelle et autres documents pertinents pour les secteurs culturels et cr\u00e9atifs par des r\u00e9seaux transfrontaliers, des autorit\u00e9s europ\u00e9ennes ou nationales peut \u00eatre trouv\u00e9e dans notre base de donn\u00e9es de publications.<\/h4>\n<p>[\/vc_column_text][\/vc_column][vc_column width=\u00a0\u00bb1\/2&Prime;][vc_column_text]<\/p>\n<h4>Vous pouvez t\u00e9l\u00e9charger les versions digitales ou les lire dans votre navigateur en suivant les liens ci-dessous.<\/h4>\n<p>[\/vc_column_text][\/vc_column][\/vc_row][vc_row css=\u00a0\u00bb.vc_custom_1637786554287{margin-top: 100px !important;margin-bottom: 200px !important;}\u00a0\u00bb][vc_column]    <div class=\"filter-section\">\n        <input type=\"search\" name=\"search\" id=\"keyword-search\" value=\"\" class=\"search-css form-control\"\n               aria-required=\"true\" aria-invalid=\"false\"\n               placeholder=\" Recherche ...\"\/>\n        <div class=\"grid-category-filter-bar-pug\">\n            <span class=\"cat-filter-element all cat-active\" data-catID=\"null\" onclick=\"buildSearchQuery(this)\">\n                <div class=\"cat-filter-text\">tous<\/div>\n            <\/span>\n\t\t\t                <span class=\"cat-filter-element\" data-cat-id=\"68\"\n                      onclick=\"buildSearchQuery(this)\">\n                    <div class=\"cat-filter-text\" style=\"color: #1ccaff\">\n                        <span>MEDIA<\/span>\n                        <img src=https:\/\/creative-europe.lu\/wp-content\/uploads\/2021\/11\/media-triangle.svg>\n                    <\/div>\n                <\/span>\n\t\t\t                <span class=\"cat-filter-element\" data-cat-id=\"69\"\n                      onclick=\"buildSearchQuery(this)\">\n                    <div class=\"cat-filter-text\" style=\"color: #67c51d\">\n                        <span>Culture<\/span>\n                        <img src=https:\/\/creative-europe.lu\/wp-content\/uploads\/2021\/11\/culture-circ.svg>\n                    <\/div>\n                <\/span>\n\t\t\t                <span class=\"cat-filter-element\" data-cat-id=\"10\"\n                      onclick=\"buildSearchQuery(this)\">\n                    <div class=\"cat-filter-text\" style=\"color: #ffaa30\">\n                        <span>Trans-sectoriel<\/span>\n                        <img src=https:\/\/creative-europe.lu\/wp-content\/uploads\/2021\/11\/cross-rectangle.svg>\n                    <\/div>\n                <\/span>\n\t\t\t            <span class=\"cat-filter-element reset\" onclick=\"buildSearchQuery(this)\">\n                <div class=\"cat-filter-text\">r\u00e9initialiser<\/div>\n            <\/span>\n        <\/div>\n        <div class=\"filter-grid ccs-pug\">\n            <select name=\"strand\" class=\"form-control video-filter-select select-css\" aria-required=\"true\"\n                    aria-invalid=\"false\">\n                <option value=\"\" selected disabled hidden>Volet<\/option>\n                <option value=\"-1\">tous<\/option>\n\t\t\t\t                    <option value=\"68\">MEDIA<\/option>\n\t\t\t\t                    <option value=\"69\">Culture<\/option>\n\t\t\t\t                    <option value=\"10\">Trans-sectoriel<\/option>\n\t\t\t\t            <\/select>\n            <select name=\"publication-category\" class=\"form-control video-filter-select select-css\" aria-required=\"true\"\n                    aria-invalid=\"false\">\n                <option value=\"\" selected disabled hidden>Cat\u00e9gorie<\/option>\n                <option value=\"-1\">tous<\/option>\n\t\t\t\t                    <option value=\"51\">Information about Creative Europe<\/option>\n\t\t\t\t                    <option value=\"52\">other<\/option>\n\t\t\t\t                    <option value=\"49\">Policy document<\/option>\n\t\t\t\t                    <option value=\"50\">Report\/study<\/option>\n\t\t\t\t            <\/select>\n            <select name=\"sector\" class=\"form-control video-filter-select select-css\" aria-required=\"true\"\n                    aria-invalid=\"false\">\n                <option value=\"\" selected disabled hidden>Secteur<\/option>\n                <option value=\"-1\">tous<\/option>\n\t\t\t\t                    <option value=\"889\">Digital arts<\/option>\n\t\t\t\t                    <option value=\"890\">AI<\/option>\n\t\t\t\t                    <option value=\"891\">Other<\/option>\n\t\t\t\t                    <option value=\"880\">XR<\/option>\n\t\t\t\t                    <option value=\"881\">Series<\/option>\n\t\t\t\t                    <option value=\"882\">Gaming<\/option>\n\t\t\t\t                    <option value=\"878\">Immersive works<\/option>\n\t\t\t\t                    <option value=\"869\">TV<\/option>\n\t\t\t\t                    <option value=\"870\">short film<\/option>\n\t\t\t\t                    <option value=\"75\">Animation<\/option>\n\t\t\t\t                    <option value=\"33\">Architecture<\/option>\n\t\t\t\t                    <option value=\"31\">Audiovisual<\/option>\n\t\t\t\t                    <option value=\"43\">Book &amp; publishing sector<\/option>\n\t\t\t\t                    <option value=\"38\">Circus arts<\/option>\n\t\t\t\t                    <option value=\"34\">Cultural heritage<\/option>\n\t\t\t\t                    <option value=\"36\">Dance<\/option>\n\t\t\t\t                    <option value=\"37\">Design<\/option>\n\t\t\t\t                    <option value=\"64\">Documentary<\/option>\n\t\t\t\t                    <option value=\"63\">Film<\/option>\n\t\t\t\t                    <option value=\"39\">Multidisciplinary<\/option>\n\t\t\t\t                    <option value=\"44\">Music<\/option>\n\t\t\t\t                    <option value=\"47\">News media\/journalism<\/option>\n\t\t\t\t                    <option value=\"42\">Opera<\/option>\n\t\t\t\t                    <option value=\"40\">Performing arts<\/option>\n\t\t\t\t                    <option value=\"35\">Photography<\/option>\n\t\t\t\t                    <option value=\"41\">Theater<\/option>\n\t\t\t\t                    <option value=\"45\">Visual arts<\/option>\n\t\t\t\t            <\/select>\n            <select name=\"language\" class=\"form-control video-filter-select select-css\" aria-required=\"true\"\n                    aria-invalid=\"false\">\n                <option value=\"\" selected disabled hidden>Langue<\/option>\n                <option value=\"-1\">tous<\/option>\n\t\t\t\t                    <option value=\"892\">German<\/option>\n\t\t\t\t                    <option value=\"893\">English<\/option>\n\t\t\t\t                    <option value=\"894\">Dutch<\/option>\n\t\t\t\t                    <option value=\"895\">Luxembourgish<\/option>\n\t\t\t\t                    <option value=\"883\">French<\/option>\n\t\t\t\t                    <option value=\"56\">Other<\/option>\n\t\t\t\t                    <option value=\"61\">Ukrainian<\/option>\n\t\t\t\t            <\/select>\n            <div style=\"display: block\"><\/div>\n            <span class=\"cat-filter-element reset-mobile\" onclick=\"buildSearchQuery(this)\">\n                <div class=\"cat-filter-text\">r\u00e9initialiser<\/div>\n            <\/span>\n        <\/div>\n    <\/div>\n\n    <!--\/Filter Grid-->\n    <div class=\"loading-spinner-wrapper\">\n\t\t    <div class=\"cuco-loading-spinner\" data-loader=\"grid-69edb1543ed65\">\r\n        <div style=\"position: relative;\">\r\n            <div class=\"load\">\r\n                <div class=\"cc-strand-loader\">\r\n                    <svg id=\"strands\" width=\"50\" height=\"50\" viewBox=\"-2.5 0 35 28\" xmlns=\"http:\/\/www.w3.org\/2000\/svg\">\r\n\r\n                        <path id=\"simpleTriangle\"\r\n                              d=\"M24 12.7679C25.3333 13.5378 25.3333 15.4622 24 16.232L3.75 27.9234C2.41666 28.6932 0.749998 27.7309 0.749998 26.1913L0.749999 2.80865C0.749999 1.26905 2.41667 0.306805 3.75 1.07661L24 12.7679Z\"\r\n                              fill=\"#1CCAFF\"\/>\r\n                        <path opacity=\"0\" id=\"simpleCircle\" d=\"M0,15a15,15 0 1,0 30,0a15,15 0 1,0 -30,0\"\r\n                              fill=\"#67C51D\"\/>\r\n\r\n                        <path opacity=\"0\" id=\"simpleSquare\"\r\n                              d=\"M15.3,0.7l13.2,13.2c0.4,0.4,0.4,1,0,1.4L15.3,28.5c-0.4,0.4-1,0.4-1.4,0L0.7,15.3c-0.4-0.4-0.4-1,0-1.4 L13.9,0.7C14.3,0.3,14.9,0.3,15.3,0.7z\"\r\n                              fill=\"#FFAA30\"\/>\r\n                    <\/svg>\r\n                <\/div>\r\n\r\n            <\/div>\r\n        <\/div>\r\n    <\/div>\r\n\r\n\r\n    <script>\r\n\r\n\r\n        var svg = document.getElementById(\"strands\");\r\n        var s = Snap(svg);\r\n\r\n        var simpleTriangle = Snap.select('#simpleTriangle');\r\n        var simpleCircle = Snap.select('#simpleCircle');\r\n        var simpleSquare = Snap.select('#simpleSquare');\r\n\r\n\r\n        var simpleTrianglePoints = simpleTriangle.node.getAttribute('d');\r\n        var simpleCirclePoints = simpleCircle.node.getAttribute('d');\r\n        var simpleSquarePoints = simpleSquare.node.getAttribute('d');\r\n\r\n\r\n        var toTriangle = function () { \/\/fill:'#1CCAFF'\r\n            setTimeout(function () {\r\n\r\n                simpleTriangle.attr({\r\n                    fill: \"#1CCAFF\"\r\n                });\r\n\r\n                simpleTriangle.animate({d: simpleTrianglePoints}, 500, mina.elastic, toSquare);\r\n            }, 500);\r\n        }\r\n\r\n        var toCircle = function () { \/\/,\r\n\r\n            setTimeout(function () {\r\n                simpleTriangle.attr({\r\n                    fill: \"#67C51D\"\r\n                });\r\n\r\n                simpleTriangle.animate({d: simpleCirclePoints}, 500, mina.elastic, toTriangle);\r\n\r\n            }, 500);\r\n        }\r\n\r\n\r\n        var toSquare = function () {\r\n            setTimeout(function () {\r\n                simpleTriangle.attr({\r\n                    fill: '#FFAA30'\r\n                });\r\n\/\/\r\n                simpleTriangle.animate({d: simpleSquarePoints}, 500, mina.elastic, toCircle);\r\n            }, 500);\r\n        }\r\n\r\n\r\n        toCircle();\r\n\r\n    <\/script>\r\n\r\n\r\n\t        <div class=\"post-type-grid-ajax-wrapper ce-news-grid\" id=\"grid-69edb1543ed65\"><\/div>\n    <\/div>\n\n    <script>\n        function buildSearchQuery(element = undefined) {\n            var selectedMainCat = jQuery('select[name=strand]').val() == '-1' ? null : jQuery('select[name=strand]').val();\n            var selectedLanguage = jQuery('select[name=language]').val() == '-1' ? null : jQuery('select[name=language]').val();\n            var selectedPublicationCat = jQuery('select[name=publication-category]').val() == '-1' ? null : jQuery('select[name=publication-category]').val();\n            var sector = jQuery('select[name=sector]').val() == '-1' ? null : jQuery('select[name=sector]').val();\n            var searchKeyword = jQuery('#keyword-search').val();\n\n            \/\/ element is set? grid-category-filter-bar-etg is visible\n            if (element !== undefined) {\n                \/\/ reset all filters?\n                if (jQuery(element).hasClass('reset') || jQuery(element).hasClass('reset-mobile')) {\n                    element = jQuery('.cat-filter-element').first()[0];\n\n                    jQuery('select[name=strand]').val('-1');\n                    jQuery('select[name=language]').val('-1');\n                    jQuery('select[name=publication-category]').val('-1');\n                    jQuery('select[name=sector]').val('-1');\n                    selectedLanguage = selectedPublicationCat = sector = null;\n                    jQuery('#keyword-search').val('');\n                }\n\n                \/\/ Change Active Element\n                jQuery('.cat-filter-element').removeClass('cat-active');\n                jQuery(element).addClass('cat-active');\n\n                selectedMainCat = jQuery('.cat-filter-element.cat-active').data('cat-id');\n            }\n\n            cc_debug([{\n                'msg': '[sc-publications.php:110 buildSearchQuery]',\n                'inspect': {\n                    'element': element,\n                    'uniqueId': 'grid-69edb1543ed65',\n                    'count': -1,\n                    'selectedMainCat': selectedMainCat,\n                    'selectedPublicationCat': selectedPublicationCat,\n                    'sector': sector,\n                    'selectedLanguage': selectedLanguage,\n                    'searchKeyword': searchKeyword\n                }\n            }, 'Publications_Grid buildSearchQuery']);\n            performPublicationsRequest('grid-69edb1543ed65',-1,\n                selectedMainCat, selectedPublicationCat, sector, selectedLanguage, searchKeyword);\n        }\n\n        jQuery(document).ready(function () {\n            performPublicationsRequest('grid-69edb1543ed65',-1);\n            \/\/performSearchSuggestionsRequest('#keyword-search');\n\n            jQuery('#keyword-search').keyup(cc_delay(function () {\n                if (this.value.length > 3 || this.value.length == 0) {\n                    buildSearchQuery();\n                }\n            }, [this], 500));\n            jQuery(\".video-filter-select\").on(\"change\", function () {\n                buildSearchQuery();\n            });\n        });\n    <\/script>\n\n\t[\/vc_column][\/vc_row]<\/p>\n<\/div>","protected":false},"excerpt":{"rendered":"<p>[vc_row full_width=\u00a0\u00bbstretch_row\u00a0\u00bb content_placement=\u00a0\u00bbmiddle\u00a0\u00bb parallax=\u00a0\u00bbcontent-moving-fade\u00a0\u00bb parallax_image=\u00a0\u00bb984&Prime; el_class=\u00a0\u00bboverlay-gradient\u00a0\u00bb css=\u00a0\u00bb.vc_custom_1638297414500{padding-top: 20% !important;}\u00a0\u00bb][vc_column width=\u00a0\u00bb2\/3&Prime; css=\u00a0\u00bb.vc_custom_1638306692729{margin-top: 0px !important;}\u00a0\u00bb][vc_custom_heading source=\u00a0\u00bbpost_title\u00a0\u00bb font_container=\u00a0\u00bbtag:h4|text_align:left\u00a0\u00bb google_fonts=\u00a0\u00bbfont_family:Roboto%3A100%2C100italic%2C300%2C300italic%2Cregular%2Citalic%2C500%2C500italic%2C700%2C700italic%2C900%2C900italic|font_style:100%20light%20regular%3A100%3Anormal\u00a0\u00bb css=\u00a0\u00bb.vc_custom_1638306932165{margin-bottom: 0px !important;padding-bottom: 0px !important;}\u00a0\u00bb][vc_column_text css=\u00a0\u00bb.vc_custom_1638307157066{margin-top: 0px !important;padding-top: 0px !important;}\u00a0\u00bb el_class=\u00a0\u00bbheader-intro-text\u00a0\u00bb] Les Creative Europe Desks Culture et MEDIA \u2013 Luxembourg, ainsi que la Commission europ\u00e9enne et les desks d\u2019autres pays publient des supports d\u2019information sur le financement europ\u00e9en pour [&hellip;]<\/p>\n","protected":false},"author":1,"featured_media":0,"parent":0,"menu_order":0,"comment_status":"closed","ping_status":"closed","template":"","meta":{"_acf_changed":false,"inline_featured_image":false,"footnotes":""},"class_list":["post-1142","page","type-page","status-publish","hentry"],"acf":[],"yoast_head":"<!-- This site is optimized with the Yoast SEO plugin v27.3 - https:\/\/yoast.com\/product\/yoast-seo-wordpress\/ -->\n<title>Publications - Creative Europe<\/title>\n<meta name=\"robots\" content=\"index, follow, max-snippet:-1, max-image-preview:large, max-video-preview:-1\" \/>\n<link rel=\"canonical\" href=\"https:\/\/creative-europe.lu\/fr\/publications\/\" \/>\n<meta property=\"og:locale\" content=\"fr_FR\" \/>\n<meta property=\"og:type\" content=\"article\" \/>\n<meta property=\"og:title\" content=\"Publications - Creative Europe\" \/>\n<meta property=\"og:description\" content=\"[vc_row full_width=\u00a0\u00bbstretch_row\u00a0\u00bb content_placement=\u00a0\u00bbmiddle\u00a0\u00bb parallax=\u00a0\u00bbcontent-moving-fade\u00a0\u00bb parallax_image=\u00a0\u00bb984&Prime; el_class=\u00a0\u00bboverlay-gradient\u00a0\u00bb css=\u00a0\u00bb.vc_custom_1638297414500{padding-top: 20% !important;}\u00a0\u00bb][vc_column width=\u00a0\u00bb2\/3&Prime; css=\u00a0\u00bb.vc_custom_1638306692729{margin-top: 0px !important;}\u00a0\u00bb][vc_custom_heading source=\u00a0\u00bbpost_title\u00a0\u00bb font_container=\u00a0\u00bbtag:h4|text_align:left\u00a0\u00bb google_fonts=\u00a0\u00bbfont_family:Roboto%3A100%2C100italic%2C300%2C300italic%2Cregular%2Citalic%2C500%2C500italic%2C700%2C700italic%2C900%2C900italic|font_style:100%20light%20regular%3A100%3Anormal\u00a0\u00bb css=\u00a0\u00bb.vc_custom_1638306932165{margin-bottom: 0px !important;padding-bottom: 0px !important;}\u00a0\u00bb][vc_column_text css=\u00a0\u00bb.vc_custom_1638307157066{margin-top: 0px !important;padding-top: 0px !important;}\u00a0\u00bb el_class=\u00a0\u00bbheader-intro-text\u00a0\u00bb] Les Creative Europe Desks Culture et MEDIA \u2013 Luxembourg, ainsi que la Commission europ\u00e9enne et les desks d\u2019autres pays publient des supports d\u2019information sur le financement europ\u00e9en pour [&hellip;]\" \/>\n<meta property=\"og:url\" content=\"https:\/\/creative-europe.lu\/fr\/publications\/\" \/>\n<meta property=\"og:site_name\" content=\"Creative Europe\" \/>\n<meta property=\"article:modified_time\" content=\"2021-12-15T23:45:11+00:00\" \/>\n<meta property=\"og:image\" content=\"https:\/\/creative-europe.lu\/wp-content\/uploads\/2021\/12\/ce_desklux_blue_logo.png\" \/>\n\t<meta property=\"og:image:width\" content=\"2476\" \/>\n\t<meta property=\"og:image:height\" content=\"527\" \/>\n\t<meta property=\"og:image:type\" content=\"image\/png\" \/>\n<meta name=\"twitter:card\" content=\"summary_large_image\" \/>\n<meta name=\"twitter:label1\" content=\"Dur\u00e9e de lecture estim\u00e9e\" \/>\n\t<meta name=\"twitter:data1\" content=\"1 minute\" \/>\n<script type=\"application\/ld+json\" class=\"yoast-schema-graph\">{\"@context\":\"https:\\\/\\\/schema.org\",\"@graph\":[{\"@type\":\"WebPage\",\"@id\":\"https:\\\/\\\/creative-europe.lu\\\/fr\\\/publications\\\/\",\"url\":\"https:\\\/\\\/creative-europe.lu\\\/fr\\\/publications\\\/\",\"name\":\"Publications - Creative Europe\",\"isPartOf\":{\"@id\":\"https:\\\/\\\/creative-europe.lu\\\/fr\\\/#website\"},\"datePublished\":\"2021-12-15T23:44:38+00:00\",\"dateModified\":\"2021-12-15T23:45:11+00:00\",\"breadcrumb\":{\"@id\":\"https:\\\/\\\/creative-europe.lu\\\/fr\\\/publications\\\/#breadcrumb\"},\"inLanguage\":\"fr-FR\",\"potentialAction\":[{\"@type\":\"ReadAction\",\"target\":[\"https:\\\/\\\/creative-europe.lu\\\/fr\\\/publications\\\/\"]}]},{\"@type\":\"BreadcrumbList\",\"@id\":\"https:\\\/\\\/creative-europe.lu\\\/fr\\\/publications\\\/#breadcrumb\",\"itemListElement\":[{\"@type\":\"ListItem\",\"position\":1,\"name\":\"Home\",\"item\":\"https:\\\/\\\/creative-europe.lu\\\/fr\\\/home\\\/\"},{\"@type\":\"ListItem\",\"position\":2,\"name\":\"Publications\"}]},{\"@type\":\"WebSite\",\"@id\":\"https:\\\/\\\/creative-europe.lu\\\/fr\\\/#website\",\"url\":\"https:\\\/\\\/creative-europe.lu\\\/fr\\\/\",\"name\":\"Creative Europe\",\"description\":\"\",\"publisher\":{\"@id\":\"https:\\\/\\\/creative-europe.lu\\\/fr\\\/#organization\"},\"potentialAction\":[{\"@type\":\"SearchAction\",\"target\":{\"@type\":\"EntryPoint\",\"urlTemplate\":\"https:\\\/\\\/creative-europe.lu\\\/fr\\\/?s={search_term_string}\"},\"query-input\":{\"@type\":\"PropertyValueSpecification\",\"valueRequired\":true,\"valueName\":\"search_term_string\"}}],\"inLanguage\":\"fr-FR\"},{\"@type\":\"Organization\",\"@id\":\"https:\\\/\\\/creative-europe.lu\\\/fr\\\/#organization\",\"name\":\"Creative Europe | Desk Luxembourg\",\"url\":\"https:\\\/\\\/creative-europe.lu\\\/fr\\\/\",\"logo\":{\"@type\":\"ImageObject\",\"inLanguage\":\"fr-FR\",\"@id\":\"https:\\\/\\\/creative-europe.lu\\\/fr\\\/#\\\/schema\\\/logo\\\/image\\\/\",\"url\":\"https:\\\/\\\/creative-europe.lu\\\/wp-content\\\/uploads\\\/2021\\\/12\\\/ce_desklux_blue_logo.png\",\"contentUrl\":\"https:\\\/\\\/creative-europe.lu\\\/wp-content\\\/uploads\\\/2021\\\/12\\\/ce_desklux_blue_logo.png\",\"width\":2476,\"height\":527,\"caption\":\"Creative Europe | Desk Luxembourg\"},\"image\":{\"@id\":\"https:\\\/\\\/creative-europe.lu\\\/fr\\\/#\\\/schema\\\/logo\\\/image\\\/\"}}]}<\/script>\n<!-- \/ Yoast SEO plugin. -->","yoast_head_json":{"title":"Publications - Creative Europe","robots":{"index":"index","follow":"follow","max-snippet":"max-snippet:-1","max-image-preview":"max-image-preview:large","max-video-preview":"max-video-preview:-1"},"canonical":"https:\/\/creative-europe.lu\/fr\/publications\/","og_locale":"fr_FR","og_type":"article","og_title":"Publications - Creative Europe","og_description":"[vc_row full_width=\u00a0\u00bbstretch_row\u00a0\u00bb content_placement=\u00a0\u00bbmiddle\u00a0\u00bb parallax=\u00a0\u00bbcontent-moving-fade\u00a0\u00bb parallax_image=\u00a0\u00bb984&Prime; el_class=\u00a0\u00bboverlay-gradient\u00a0\u00bb css=\u00a0\u00bb.vc_custom_1638297414500{padding-top: 20% !important;}\u00a0\u00bb][vc_column width=\u00a0\u00bb2\/3&Prime; css=\u00a0\u00bb.vc_custom_1638306692729{margin-top: 0px !important;}\u00a0\u00bb][vc_custom_heading source=\u00a0\u00bbpost_title\u00a0\u00bb font_container=\u00a0\u00bbtag:h4|text_align:left\u00a0\u00bb google_fonts=\u00a0\u00bbfont_family:Roboto%3A100%2C100italic%2C300%2C300italic%2Cregular%2Citalic%2C500%2C500italic%2C700%2C700italic%2C900%2C900italic|font_style:100%20light%20regular%3A100%3Anormal\u00a0\u00bb css=\u00a0\u00bb.vc_custom_1638306932165{margin-bottom: 0px !important;padding-bottom: 0px !important;}\u00a0\u00bb][vc_column_text css=\u00a0\u00bb.vc_custom_1638307157066{margin-top: 0px !important;padding-top: 0px !important;}\u00a0\u00bb el_class=\u00a0\u00bbheader-intro-text\u00a0\u00bb] Les Creative Europe Desks Culture et MEDIA \u2013 Luxembourg, ainsi que la Commission europ\u00e9enne et les desks d\u2019autres pays publient des supports d\u2019information sur le financement europ\u00e9en pour [&hellip;]","og_url":"https:\/\/creative-europe.lu\/fr\/publications\/","og_site_name":"Creative Europe","article_modified_time":"2021-12-15T23:45:11+00:00","og_image":[{"width":2476,"height":527,"url":"https:\/\/creative-europe.lu\/wp-content\/uploads\/2021\/12\/ce_desklux_blue_logo.png","type":"image\/png"}],"twitter_card":"summary_large_image","twitter_misc":{"Dur\u00e9e de lecture estim\u00e9e":"1 minute"},"schema":{"@context":"https:\/\/schema.org","@graph":[{"@type":"WebPage","@id":"https:\/\/creative-europe.lu\/fr\/publications\/","url":"https:\/\/creative-europe.lu\/fr\/publications\/","name":"Publications - Creative Europe","isPartOf":{"@id":"https:\/\/creative-europe.lu\/fr\/#website"},"datePublished":"2021-12-15T23:44:38+00:00","dateModified":"2021-12-15T23:45:11+00:00","breadcrumb":{"@id":"https:\/\/creative-europe.lu\/fr\/publications\/#breadcrumb"},"inLanguage":"fr-FR","potentialAction":[{"@type":"ReadAction","target":["https:\/\/creative-europe.lu\/fr\/publications\/"]}]},{"@type":"BreadcrumbList","@id":"https:\/\/creative-europe.lu\/fr\/publications\/#breadcrumb","itemListElement":[{"@type":"ListItem","position":1,"name":"Home","item":"https:\/\/creative-europe.lu\/fr\/home\/"},{"@type":"ListItem","position":2,"name":"Publications"}]},{"@type":"WebSite","@id":"https:\/\/creative-europe.lu\/fr\/#website","url":"https:\/\/creative-europe.lu\/fr\/","name":"Creative Europe","description":"","publisher":{"@id":"https:\/\/creative-europe.lu\/fr\/#organization"},"potentialAction":[{"@type":"SearchAction","target":{"@type":"EntryPoint","urlTemplate":"https:\/\/creative-europe.lu\/fr\/?s={search_term_string}"},"query-input":{"@type":"PropertyValueSpecification","valueRequired":true,"valueName":"search_term_string"}}],"inLanguage":"fr-FR"},{"@type":"Organization","@id":"https:\/\/creative-europe.lu\/fr\/#organization","name":"Creative Europe | Desk Luxembourg","url":"https:\/\/creative-europe.lu\/fr\/","logo":{"@type":"ImageObject","inLanguage":"fr-FR","@id":"https:\/\/creative-europe.lu\/fr\/#\/schema\/logo\/image\/","url":"https:\/\/creative-europe.lu\/wp-content\/uploads\/2021\/12\/ce_desklux_blue_logo.png","contentUrl":"https:\/\/creative-europe.lu\/wp-content\/uploads\/2021\/12\/ce_desklux_blue_logo.png","width":2476,"height":527,"caption":"Creative Europe | Desk Luxembourg"},"image":{"@id":"https:\/\/creative-europe.lu\/fr\/#\/schema\/logo\/image\/"}}]}},"_links":{"self":[{"href":"https:\/\/creative-europe.lu\/fr\/wp-json\/wp\/v2\/pages\/1142","targetHints":{"allow":["GET"]}}],"collection":[{"href":"https:\/\/creative-europe.lu\/fr\/wp-json\/wp\/v2\/pages"}],"about":[{"href":"https:\/\/creative-europe.lu\/fr\/wp-json\/wp\/v2\/types\/page"}],"author":[{"embeddable":true,"href":"https:\/\/creative-europe.lu\/fr\/wp-json\/wp\/v2\/users\/1"}],"replies":[{"embeddable":true,"href":"https:\/\/creative-europe.lu\/fr\/wp-json\/wp\/v2\/comments?post=1142"}],"version-history":[{"count":13,"href":"https:\/\/creative-europe.lu\/fr\/wp-json\/wp\/v2\/pages\/1142\/revisions"}],"predecessor-version":[{"id":1156,"href":"https:\/\/creative-europe.lu\/fr\/wp-json\/wp\/v2\/pages\/1142\/revisions\/1156"}],"wp:attachment":[{"href":"https:\/\/creative-europe.lu\/fr\/wp-json\/wp\/v2\/media?parent=1142"}],"curies":[{"name":"wp","href":"https:\/\/api.w.org\/{rel}","templated":true}]}}