{"id":5132,"date":"2025-10-22T10:42:48","date_gmt":"2025-10-22T08:42:48","guid":{"rendered":"https:\/\/creative-europe.lu\/?post_type=cuco_events&#038;p=5132"},"modified":"2025-10-22T10:42:58","modified_gmt":"2025-10-22T08:42:58","slug":"webinaire-circulation-des-oeuvres-litteraires-europeennes","status":"publish","type":"cuco_events","link":"https:\/\/creative-europe.lu\/fr\/event\/webinaire-circulation-des-oeuvres-litteraires-europeennes\/","title":{"rendered":"Webinaire | Circulation des oeuvres litt\u00e9raires europ\u00e9ennes"},"content":{"rendered":"<p>L&rsquo;appel <a href=\"https:\/\/ec.europa.eu\/info\/funding-tenders\/opportunities\/portal\/screen\/opportunities\/topic-details\/CREA-CULT-2026-LIT?order=DESC&amp;pageNumber=1&amp;pageSize=50&amp;sortBy=startDate&amp;isExactMatch=true&amp;status=31094501,31094502,31094503&amp;frameworkProgramme=43251814\">CREA-CULT-2026-LIT<\/a> a \u00e9t\u00e9 publi\u00e9 le 15 octobre 2025 et restera ouvert jusqu&rsquo;au 29 janvier 2026.<\/p>\n<p>Il vise \u00e0<strong>\u00a0traduire, publier, distribuer et\u00a0promouvoir les \u0153uvres litt\u00e9raires de fiction<\/strong>, en<strong>\u00a0<\/strong>renfor\u00e7ant la circulation transnationale, la diversit\u00e9 des \u0153uvres litt\u00e9raires europ\u00e9ennes, la comp\u00e9titivit\u00e9 du secteur du livre, la coop\u00e9ration au sein de la cha\u00eene du livre, en atteignant de nouveaux publics&#8230;<\/p>\n<p>Sont \u00e9ligibles les <strong>structures<\/strong>\u00a0<strong>publiques<\/strong>\u00a0et\/ou <strong>priv\u00e9es <\/strong>ayant une expertise dans le domaine du <strong>livre<\/strong>\u00a0(auteurs, traducteurs, \u00e9diteurs, distributeurs, libraires, biblioth\u00e8ques, festivals et \u00e9v\u00e9nements litt\u00e9raires\u2026).<\/p>\n<p>Le bureau <strong>Europe cr\u00e9ative France<\/strong>, en partenariat avec <strong>les bureaux Europe Cr\u00e9ative Wallonie-Bruxelles\u00a0 et Europe cr\u00e9ative Luxembourg<\/strong>, organiseront une session d&rsquo;information, en fran\u00e7ais, consacr\u00e9e au d\u00e9cryptage g\u00e9n\u00e9ral de l\u2019appel:<\/p>\n<p style=\"text-align: center;\"><strong>30 octobre 2025<\/strong><\/p>\n<p style=\"text-align: center;\"><strong>14:00 &#8211; 16:00<\/strong><\/p>\n<p style=\"text-align: center;\"><strong><a href=\"https:\/\/my.weezevent.com\/session-dinformation-culture-europe-creative?_gl=1*cpw57i*_gcl_au*MTM1NTc2ODgxLjE3NjA1MTQ2MzYuNzAxMTExNjc3LjE3NjEwNDk3NDguMTc2MTA0OTc0OQ..*_ga*NTQ3MjAyMDY0LjE3NTI3Mzc5MjQ.*_ga_39H9VBFX7G*czE3NjEwNTQzMDAkbzExOCRnMSR0MTc2MTA1NDU1NCRqNTkkbDAkaDE0MjY2Nzg3MjI.\">Inscription obligatoire\u00a0<\/a>\u00a0<\/strong><\/p>\n","protected":false},"excerpt":{"rendered":"<p>L&rsquo;appel CREA-CULT-2026-LIT a \u00e9t\u00e9 publi\u00e9 le 15 octobre 2025 et restera ouvert jusqu&rsquo;au 29 janvier 2026. Il vise \u00e0\u00a0traduire, publier, distribuer et\u00a0promouvoir les \u0153uvres litt\u00e9raires de fiction, en\u00a0renfor\u00e7ant la circulation transnationale, la diversit\u00e9 des \u0153uvres litt\u00e9raires europ\u00e9ennes, la comp\u00e9titivit\u00e9 du secteur du livre, la coop\u00e9ration au sein de la cha\u00eene du livre, en atteignant de [&hellip;]<\/p>\n","protected":false},"featured_media":5092,"template":"","categories":[18],"event_category":[21],"language":[55],"event_organisator":[873],"sectors":[43],"class_list":["post-5132","cuco_events","type-cuco_events","status-publish","has-post-thumbnail","hentry","category-culture","event_category-offline-info-event","language-french","event_organisator-creative-europe-desks","sectors-book-publishing-sector"],"acf":[],"yoast_head":"<!-- This site is optimized with the Yoast SEO plugin v27.3 - https:\/\/yoast.com\/product\/yoast-seo-wordpress\/ -->\n<title>Webinaire | Circulation des oeuvres litt\u00e9raires europ\u00e9ennes - Creative Europe<\/title>\n<meta name=\"robots\" content=\"index, follow, max-snippet:-1, max-image-preview:large, max-video-preview:-1\" \/>\n<link rel=\"canonical\" href=\"https:\/\/creative-europe.lu\/fr\/event\/webinaire-circulation-des-oeuvres-litteraires-europeennes\/\" \/>\n<meta property=\"og:locale\" content=\"fr_FR\" \/>\n<meta property=\"og:type\" content=\"article\" \/>\n<meta property=\"og:title\" content=\"Webinaire | Circulation des oeuvres litt\u00e9raires europ\u00e9ennes - Creative Europe\" \/>\n<meta property=\"og:description\" content=\"L&rsquo;appel CREA-CULT-2026-LIT a \u00e9t\u00e9 publi\u00e9 le 15 octobre 2025 et restera ouvert jusqu&rsquo;au 29 janvier 2026. Il vise \u00e0\u00a0traduire, publier, distribuer et\u00a0promouvoir les \u0153uvres litt\u00e9raires de fiction, en\u00a0renfor\u00e7ant la circulation transnationale, la diversit\u00e9 des \u0153uvres litt\u00e9raires europ\u00e9ennes, la comp\u00e9titivit\u00e9 du secteur du livre, la coop\u00e9ration au sein de la cha\u00eene du livre, en atteignant de [&hellip;]\" \/>\n<meta property=\"og:url\" content=\"https:\/\/creative-europe.lu\/fr\/event\/webinaire-circulation-des-oeuvres-litteraires-europeennes\/\" \/>\n<meta property=\"og:site_name\" content=\"Creative Europe\" \/>\n<meta property=\"article:modified_time\" content=\"2025-10-22T08:42:58+00:00\" \/>\n<meta property=\"og:image\" content=\"https:\/\/creative-europe.lu\/wp-content\/uploads\/2025\/10\/Visual_LIT_Banner_-for_Frankfurter_Buchmesse1.png\" \/>\n\t<meta property=\"og:image:width\" content=\"560\" \/>\n\t<meta property=\"og:image:height\" content=\"270\" \/>\n\t<meta property=\"og:image:type\" content=\"image\/png\" \/>\n<meta name=\"twitter:card\" content=\"summary_large_image\" \/>\n<meta name=\"twitter:label1\" content=\"Dur\u00e9e de lecture estim\u00e9e\" \/>\n\t<meta name=\"twitter:data1\" content=\"1 minute\" \/>\n<script type=\"application\/ld+json\" class=\"yoast-schema-graph\">{\"@context\":\"https:\\\/\\\/schema.org\",\"@graph\":[{\"@type\":\"WebPage\",\"@id\":\"https:\\\/\\\/creative-europe.lu\\\/fr\\\/event\\\/webinaire-circulation-des-oeuvres-litteraires-europeennes\\\/\",\"url\":\"https:\\\/\\\/creative-europe.lu\\\/fr\\\/event\\\/webinaire-circulation-des-oeuvres-litteraires-europeennes\\\/\",\"name\":\"Webinaire | Circulation des oeuvres litt\u00e9raires europ\u00e9ennes - Creative Europe\",\"isPartOf\":{\"@id\":\"https:\\\/\\\/creative-europe.lu\\\/fr\\\/#website\"},\"primaryImageOfPage\":{\"@id\":\"https:\\\/\\\/creative-europe.lu\\\/fr\\\/event\\\/webinaire-circulation-des-oeuvres-litteraires-europeennes\\\/#primaryimage\"},\"image\":{\"@id\":\"https:\\\/\\\/creative-europe.lu\\\/fr\\\/event\\\/webinaire-circulation-des-oeuvres-litteraires-europeennes\\\/#primaryimage\"},\"thumbnailUrl\":\"https:\\\/\\\/creative-europe.lu\\\/wp-content\\\/uploads\\\/2025\\\/10\\\/Visual_LIT_Banner_-for_Frankfurter_Buchmesse1.png\",\"datePublished\":\"2025-10-22T08:42:48+00:00\",\"dateModified\":\"2025-10-22T08:42:58+00:00\",\"breadcrumb\":{\"@id\":\"https:\\\/\\\/creative-europe.lu\\\/fr\\\/event\\\/webinaire-circulation-des-oeuvres-litteraires-europeennes\\\/#breadcrumb\"},\"inLanguage\":\"fr-FR\",\"potentialAction\":[{\"@type\":\"ReadAction\",\"target\":[\"https:\\\/\\\/creative-europe.lu\\\/fr\\\/event\\\/webinaire-circulation-des-oeuvres-litteraires-europeennes\\\/\"]}]},{\"@type\":\"ImageObject\",\"inLanguage\":\"fr-FR\",\"@id\":\"https:\\\/\\\/creative-europe.lu\\\/fr\\\/event\\\/webinaire-circulation-des-oeuvres-litteraires-europeennes\\\/#primaryimage\",\"url\":\"https:\\\/\\\/creative-europe.lu\\\/wp-content\\\/uploads\\\/2025\\\/10\\\/Visual_LIT_Banner_-for_Frankfurter_Buchmesse1.png\",\"contentUrl\":\"https:\\\/\\\/creative-europe.lu\\\/wp-content\\\/uploads\\\/2025\\\/10\\\/Visual_LIT_Banner_-for_Frankfurter_Buchmesse1.png\",\"width\":560,\"height\":270},{\"@type\":\"BreadcrumbList\",\"@id\":\"https:\\\/\\\/creative-europe.lu\\\/fr\\\/event\\\/webinaire-circulation-des-oeuvres-litteraires-europeennes\\\/#breadcrumb\",\"itemListElement\":[{\"@type\":\"ListItem\",\"position\":1,\"name\":\"Home\",\"item\":\"https:\\\/\\\/creative-europe.lu\\\/fr\\\/home\\\/\"},{\"@type\":\"ListItem\",\"position\":2,\"name\":\"Webinaire | Circulation des oeuvres litt\u00e9raires europ\u00e9ennes\"}]},{\"@type\":\"WebSite\",\"@id\":\"https:\\\/\\\/creative-europe.lu\\\/fr\\\/#website\",\"url\":\"https:\\\/\\\/creative-europe.lu\\\/fr\\\/\",\"name\":\"Creative Europe\",\"description\":\"\",\"publisher\":{\"@id\":\"https:\\\/\\\/creative-europe.lu\\\/fr\\\/#organization\"},\"potentialAction\":[{\"@type\":\"SearchAction\",\"target\":{\"@type\":\"EntryPoint\",\"urlTemplate\":\"https:\\\/\\\/creative-europe.lu\\\/fr\\\/?s={search_term_string}\"},\"query-input\":{\"@type\":\"PropertyValueSpecification\",\"valueRequired\":true,\"valueName\":\"search_term_string\"}}],\"inLanguage\":\"fr-FR\"},{\"@type\":\"Organization\",\"@id\":\"https:\\\/\\\/creative-europe.lu\\\/fr\\\/#organization\",\"name\":\"Creative Europe | Desk Luxembourg\",\"url\":\"https:\\\/\\\/creative-europe.lu\\\/fr\\\/\",\"logo\":{\"@type\":\"ImageObject\",\"inLanguage\":\"fr-FR\",\"@id\":\"https:\\\/\\\/creative-europe.lu\\\/fr\\\/#\\\/schema\\\/logo\\\/image\\\/\",\"url\":\"https:\\\/\\\/creative-europe.lu\\\/wp-content\\\/uploads\\\/2021\\\/12\\\/ce_desklux_blue_logo.png\",\"contentUrl\":\"https:\\\/\\\/creative-europe.lu\\\/wp-content\\\/uploads\\\/2021\\\/12\\\/ce_desklux_blue_logo.png\",\"width\":2476,\"height\":527,\"caption\":\"Creative Europe | Desk Luxembourg\"},\"image\":{\"@id\":\"https:\\\/\\\/creative-europe.lu\\\/fr\\\/#\\\/schema\\\/logo\\\/image\\\/\"}}]}<\/script>\n<!-- \/ Yoast SEO plugin. -->","yoast_head_json":{"title":"Webinaire | Circulation des oeuvres litt\u00e9raires europ\u00e9ennes - Creative Europe","robots":{"index":"index","follow":"follow","max-snippet":"max-snippet:-1","max-image-preview":"max-image-preview:large","max-video-preview":"max-video-preview:-1"},"canonical":"https:\/\/creative-europe.lu\/fr\/event\/webinaire-circulation-des-oeuvres-litteraires-europeennes\/","og_locale":"fr_FR","og_type":"article","og_title":"Webinaire | Circulation des oeuvres litt\u00e9raires europ\u00e9ennes - Creative Europe","og_description":"L&rsquo;appel CREA-CULT-2026-LIT a \u00e9t\u00e9 publi\u00e9 le 15 octobre 2025 et restera ouvert jusqu&rsquo;au 29 janvier 2026. Il vise \u00e0\u00a0traduire, publier, distribuer et\u00a0promouvoir les \u0153uvres litt\u00e9raires de fiction, en\u00a0renfor\u00e7ant la circulation transnationale, la diversit\u00e9 des \u0153uvres litt\u00e9raires europ\u00e9ennes, la comp\u00e9titivit\u00e9 du secteur du livre, la coop\u00e9ration au sein de la cha\u00eene du livre, en atteignant de [&hellip;]","og_url":"https:\/\/creative-europe.lu\/fr\/event\/webinaire-circulation-des-oeuvres-litteraires-europeennes\/","og_site_name":"Creative Europe","article_modified_time":"2025-10-22T08:42:58+00:00","og_image":[{"width":560,"height":270,"url":"https:\/\/creative-europe.lu\/wp-content\/uploads\/2025\/10\/Visual_LIT_Banner_-for_Frankfurter_Buchmesse1.png","type":"image\/png"}],"twitter_card":"summary_large_image","twitter_misc":{"Dur\u00e9e de lecture estim\u00e9e":"1 minute"},"schema":{"@context":"https:\/\/schema.org","@graph":[{"@type":"WebPage","@id":"https:\/\/creative-europe.lu\/fr\/event\/webinaire-circulation-des-oeuvres-litteraires-europeennes\/","url":"https:\/\/creative-europe.lu\/fr\/event\/webinaire-circulation-des-oeuvres-litteraires-europeennes\/","name":"Webinaire | Circulation des oeuvres litt\u00e9raires europ\u00e9ennes - Creative Europe","isPartOf":{"@id":"https:\/\/creative-europe.lu\/fr\/#website"},"primaryImageOfPage":{"@id":"https:\/\/creative-europe.lu\/fr\/event\/webinaire-circulation-des-oeuvres-litteraires-europeennes\/#primaryimage"},"image":{"@id":"https:\/\/creative-europe.lu\/fr\/event\/webinaire-circulation-des-oeuvres-litteraires-europeennes\/#primaryimage"},"thumbnailUrl":"https:\/\/creative-europe.lu\/wp-content\/uploads\/2025\/10\/Visual_LIT_Banner_-for_Frankfurter_Buchmesse1.png","datePublished":"2025-10-22T08:42:48+00:00","dateModified":"2025-10-22T08:42:58+00:00","breadcrumb":{"@id":"https:\/\/creative-europe.lu\/fr\/event\/webinaire-circulation-des-oeuvres-litteraires-europeennes\/#breadcrumb"},"inLanguage":"fr-FR","potentialAction":[{"@type":"ReadAction","target":["https:\/\/creative-europe.lu\/fr\/event\/webinaire-circulation-des-oeuvres-litteraires-europeennes\/"]}]},{"@type":"ImageObject","inLanguage":"fr-FR","@id":"https:\/\/creative-europe.lu\/fr\/event\/webinaire-circulation-des-oeuvres-litteraires-europeennes\/#primaryimage","url":"https:\/\/creative-europe.lu\/wp-content\/uploads\/2025\/10\/Visual_LIT_Banner_-for_Frankfurter_Buchmesse1.png","contentUrl":"https:\/\/creative-europe.lu\/wp-content\/uploads\/2025\/10\/Visual_LIT_Banner_-for_Frankfurter_Buchmesse1.png","width":560,"height":270},{"@type":"BreadcrumbList","@id":"https:\/\/creative-europe.lu\/fr\/event\/webinaire-circulation-des-oeuvres-litteraires-europeennes\/#breadcrumb","itemListElement":[{"@type":"ListItem","position":1,"name":"Home","item":"https:\/\/creative-europe.lu\/fr\/home\/"},{"@type":"ListItem","position":2,"name":"Webinaire | Circulation des oeuvres litt\u00e9raires europ\u00e9ennes"}]},{"@type":"WebSite","@id":"https:\/\/creative-europe.lu\/fr\/#website","url":"https:\/\/creative-europe.lu\/fr\/","name":"Creative Europe","description":"","publisher":{"@id":"https:\/\/creative-europe.lu\/fr\/#organization"},"potentialAction":[{"@type":"SearchAction","target":{"@type":"EntryPoint","urlTemplate":"https:\/\/creative-europe.lu\/fr\/?s={search_term_string}"},"query-input":{"@type":"PropertyValueSpecification","valueRequired":true,"valueName":"search_term_string"}}],"inLanguage":"fr-FR"},{"@type":"Organization","@id":"https:\/\/creative-europe.lu\/fr\/#organization","name":"Creative Europe | Desk Luxembourg","url":"https:\/\/creative-europe.lu\/fr\/","logo":{"@type":"ImageObject","inLanguage":"fr-FR","@id":"https:\/\/creative-europe.lu\/fr\/#\/schema\/logo\/image\/","url":"https:\/\/creative-europe.lu\/wp-content\/uploads\/2021\/12\/ce_desklux_blue_logo.png","contentUrl":"https:\/\/creative-europe.lu\/wp-content\/uploads\/2021\/12\/ce_desklux_blue_logo.png","width":2476,"height":527,"caption":"Creative Europe | Desk Luxembourg"},"image":{"@id":"https:\/\/creative-europe.lu\/fr\/#\/schema\/logo\/image\/"}}]}},"_links":{"self":[{"href":"https:\/\/creative-europe.lu\/fr\/wp-json\/wp\/v2\/cuco_events\/5132","targetHints":{"allow":["GET"]}}],"collection":[{"href":"https:\/\/creative-europe.lu\/fr\/wp-json\/wp\/v2\/cuco_events"}],"about":[{"href":"https:\/\/creative-europe.lu\/fr\/wp-json\/wp\/v2\/types\/cuco_events"}],"version-history":[{"count":1,"href":"https:\/\/creative-europe.lu\/fr\/wp-json\/wp\/v2\/cuco_events\/5132\/revisions"}],"predecessor-version":[{"id":5134,"href":"https:\/\/creative-europe.lu\/fr\/wp-json\/wp\/v2\/cuco_events\/5132\/revisions\/5134"}],"wp:featuredmedia":[{"embeddable":true,"href":"https:\/\/creative-europe.lu\/fr\/wp-json\/wp\/v2\/media\/5092"}],"wp:attachment":[{"href":"https:\/\/creative-europe.lu\/fr\/wp-json\/wp\/v2\/media?parent=5132"}],"wp:term":[{"taxonomy":"category","embeddable":true,"href":"https:\/\/creative-europe.lu\/fr\/wp-json\/wp\/v2\/categories?post=5132"},{"taxonomy":"event_category","embeddable":true,"href":"https:\/\/creative-europe.lu\/fr\/wp-json\/wp\/v2\/event_category?post=5132"},{"taxonomy":"language","embeddable":true,"href":"https:\/\/creative-europe.lu\/fr\/wp-json\/wp\/v2\/language?post=5132"},{"taxonomy":"event_organisator","embeddable":true,"href":"https:\/\/creative-europe.lu\/fr\/wp-json\/wp\/v2\/event_organisator?post=5132"},{"taxonomy":"sectors","embeddable":true,"href":"https:\/\/creative-europe.lu\/fr\/wp-json\/wp\/v2\/sectors?post=5132"}],"curies":[{"name":"wp","href":"https:\/\/api.w.org\/{rel}","templated":true}]}}