{"id":5033,"date":"2025-09-19T11:08:45","date_gmt":"2025-09-19T09:08:45","guid":{"rendered":"https:\/\/creative-europe.lu\/?post_type=cuco_events&#038;p=5033"},"modified":"2025-09-19T12:32:26","modified_gmt":"2025-09-19T10:32:26","slug":"webinaire-possibilites-de-financements-europeens-pour-projets-culturels-au-luxembourg","status":"publish","type":"cuco_events","link":"https:\/\/creative-europe.lu\/fr\/event\/webinaire-possibilites-de-financements-europeens-pour-projets-culturels-au-luxembourg\/","title":{"rendered":"Webinaire | Possibilit\u00e9s de financements europ\u00e9ens pour projets culturels au Luxembourg"},"content":{"rendered":"<div>Vous \u00eates une petite association culturelle au Grand-Duch\u00e9 du Luxembourg ? Vous avez une id\u00e9e pour monter un projet transfrontalier ou europ\u00e9en et voulez b\u00e9n\u00e9ficier d\u2019un cofinancement europ\u00e9en ?<\/div>\n<div>Durant ce webinaire, les points de contact des programmes europ\u00e9ens <strong>Interreg Grande R\u00e9gion et Europe cr\u00e9ative<\/strong> vous pr\u00e9senteront les nouveaux appels \u00e0 projets, destin\u00e9s aux petites structures culturelles, artistes et professionnels de la culture.<\/div>\n<div style=\"text-align: center;\"><\/div>\n<div style=\"text-align: center;\"><strong>Lundi, 6 octobre 2025<br \/>\n15h \u2013 16h30<br \/>\nParticipation gratuite, <a id=\"Event FR\" href=\"https:\/\/events.dater.lu\/event\/eu-funding-possibilities-for-cultural-projects-in-luxembourg\/\" target=\"_blank\" rel=\"noopener\" name=\"Event FR\" data-cke-saved-href=\"https:\/\/events.dater.lu\/event\/eu-funding-possibilities-for-cultural-projects-in-luxembourg\/\" data-cke-saved-name=\"Event FR\">sur inscription<\/a><\/strong><\/div>\n","protected":false},"excerpt":{"rendered":"<p>Vous \u00eates une petite association culturelle au Grand-Duch\u00e9 du Luxembourg ? Vous avez une id\u00e9e pour monter un projet transfrontalier ou europ\u00e9en et voulez b\u00e9n\u00e9ficier d\u2019un cofinancement europ\u00e9en ? Durant ce webinaire, les points de contact des programmes europ\u00e9ens Interreg Grande R\u00e9gion et Europe cr\u00e9ative vous pr\u00e9senteront les nouveaux appels \u00e0 projets, destin\u00e9s aux petites [&hellip;]<\/p>\n","protected":false},"featured_media":5035,"template":"","categories":[18],"event_category":[20],"language":[55],"event_organisator":[27],"sectors":[39],"class_list":["post-5033","cuco_events","type-cuco_events","status-publish","has-post-thumbnail","hentry","category-culture","event_category-webinar","language-french","event_organisator-creative-europe-desk-luxembourg-culture","sectors-multidisciplinary"],"acf":[],"yoast_head":"<!-- This site is optimized with the Yoast SEO plugin v27.3 - https:\/\/yoast.com\/product\/yoast-seo-wordpress\/ -->\n<title>Webinaire | Possibilit\u00e9s de financements europ\u00e9ens pour projets culturels au Luxembourg - Creative Europe<\/title>\n<meta name=\"robots\" content=\"index, follow, max-snippet:-1, max-image-preview:large, max-video-preview:-1\" \/>\n<link rel=\"canonical\" href=\"https:\/\/creative-europe.lu\/fr\/event\/webinaire-possibilites-de-financements-europeens-pour-projets-culturels-au-luxembourg\/\" \/>\n<meta property=\"og:locale\" content=\"fr_FR\" \/>\n<meta property=\"og:type\" content=\"article\" \/>\n<meta property=\"og:title\" content=\"Webinaire | Possibilit\u00e9s de financements europ\u00e9ens pour projets culturels au Luxembourg - Creative Europe\" \/>\n<meta property=\"og:description\" content=\"Vous \u00eates une petite association culturelle au Grand-Duch\u00e9 du Luxembourg ? Vous avez une id\u00e9e pour monter un projet transfrontalier ou europ\u00e9en et voulez b\u00e9n\u00e9ficier d\u2019un cofinancement europ\u00e9en ? Durant ce webinaire, les points de contact des programmes europ\u00e9ens Interreg Grande R\u00e9gion et Europe cr\u00e9ative vous pr\u00e9senteront les nouveaux appels \u00e0 projets, destin\u00e9s aux petites [&hellip;]\" \/>\n<meta property=\"og:url\" content=\"https:\/\/creative-europe.lu\/fr\/event\/webinaire-possibilites-de-financements-europeens-pour-projets-culturels-au-luxembourg\/\" \/>\n<meta property=\"og:site_name\" content=\"Creative Europe\" \/>\n<meta property=\"article:modified_time\" content=\"2025-09-19T10:32:26+00:00\" \/>\n<meta property=\"og:image\" content=\"https:\/\/creative-europe.lu\/wp-content\/uploads\/2025\/09\/Eu-funding-possibilities-in-culture-2.jpg\" \/>\n\t<meta property=\"og:image:width\" content=\"1080\" \/>\n\t<meta property=\"og:image:height\" content=\"1350\" \/>\n\t<meta property=\"og:image:type\" content=\"image\/jpeg\" \/>\n<meta name=\"twitter:card\" content=\"summary_large_image\" \/>\n<meta name=\"twitter:label1\" content=\"Dur\u00e9e de lecture estim\u00e9e\" \/>\n\t<meta name=\"twitter:data1\" content=\"1 minute\" \/>\n<script type=\"application\/ld+json\" class=\"yoast-schema-graph\">{\"@context\":\"https:\\\/\\\/schema.org\",\"@graph\":[{\"@type\":\"WebPage\",\"@id\":\"https:\\\/\\\/creative-europe.lu\\\/fr\\\/event\\\/webinaire-possibilites-de-financements-europeens-pour-projets-culturels-au-luxembourg\\\/\",\"url\":\"https:\\\/\\\/creative-europe.lu\\\/fr\\\/event\\\/webinaire-possibilites-de-financements-europeens-pour-projets-culturels-au-luxembourg\\\/\",\"name\":\"Webinaire | Possibilit\u00e9s de financements europ\u00e9ens pour projets culturels au Luxembourg - Creative Europe\",\"isPartOf\":{\"@id\":\"https:\\\/\\\/creative-europe.lu\\\/fr\\\/#website\"},\"primaryImageOfPage\":{\"@id\":\"https:\\\/\\\/creative-europe.lu\\\/fr\\\/event\\\/webinaire-possibilites-de-financements-europeens-pour-projets-culturels-au-luxembourg\\\/#primaryimage\"},\"image\":{\"@id\":\"https:\\\/\\\/creative-europe.lu\\\/fr\\\/event\\\/webinaire-possibilites-de-financements-europeens-pour-projets-culturels-au-luxembourg\\\/#primaryimage\"},\"thumbnailUrl\":\"https:\\\/\\\/creative-europe.lu\\\/wp-content\\\/uploads\\\/2025\\\/09\\\/Eu-funding-possibilities-in-culture-2.jpg\",\"datePublished\":\"2025-09-19T09:08:45+00:00\",\"dateModified\":\"2025-09-19T10:32:26+00:00\",\"breadcrumb\":{\"@id\":\"https:\\\/\\\/creative-europe.lu\\\/fr\\\/event\\\/webinaire-possibilites-de-financements-europeens-pour-projets-culturels-au-luxembourg\\\/#breadcrumb\"},\"inLanguage\":\"fr-FR\",\"potentialAction\":[{\"@type\":\"ReadAction\",\"target\":[\"https:\\\/\\\/creative-europe.lu\\\/fr\\\/event\\\/webinaire-possibilites-de-financements-europeens-pour-projets-culturels-au-luxembourg\\\/\"]}]},{\"@type\":\"ImageObject\",\"inLanguage\":\"fr-FR\",\"@id\":\"https:\\\/\\\/creative-europe.lu\\\/fr\\\/event\\\/webinaire-possibilites-de-financements-europeens-pour-projets-culturels-au-luxembourg\\\/#primaryimage\",\"url\":\"https:\\\/\\\/creative-europe.lu\\\/wp-content\\\/uploads\\\/2025\\\/09\\\/Eu-funding-possibilities-in-culture-2.jpg\",\"contentUrl\":\"https:\\\/\\\/creative-europe.lu\\\/wp-content\\\/uploads\\\/2025\\\/09\\\/Eu-funding-possibilities-in-culture-2.jpg\",\"width\":1080,\"height\":1350},{\"@type\":\"BreadcrumbList\",\"@id\":\"https:\\\/\\\/creative-europe.lu\\\/fr\\\/event\\\/webinaire-possibilites-de-financements-europeens-pour-projets-culturels-au-luxembourg\\\/#breadcrumb\",\"itemListElement\":[{\"@type\":\"ListItem\",\"position\":1,\"name\":\"Home\",\"item\":\"https:\\\/\\\/creative-europe.lu\\\/fr\\\/home\\\/\"},{\"@type\":\"ListItem\",\"position\":2,\"name\":\"Webinaire | Possibilit\u00e9s de financements europ\u00e9ens pour projets culturels au Luxembourg\"}]},{\"@type\":\"WebSite\",\"@id\":\"https:\\\/\\\/creative-europe.lu\\\/fr\\\/#website\",\"url\":\"https:\\\/\\\/creative-europe.lu\\\/fr\\\/\",\"name\":\"Creative Europe\",\"description\":\"\",\"publisher\":{\"@id\":\"https:\\\/\\\/creative-europe.lu\\\/fr\\\/#organization\"},\"potentialAction\":[{\"@type\":\"SearchAction\",\"target\":{\"@type\":\"EntryPoint\",\"urlTemplate\":\"https:\\\/\\\/creative-europe.lu\\\/fr\\\/?s={search_term_string}\"},\"query-input\":{\"@type\":\"PropertyValueSpecification\",\"valueRequired\":true,\"valueName\":\"search_term_string\"}}],\"inLanguage\":\"fr-FR\"},{\"@type\":\"Organization\",\"@id\":\"https:\\\/\\\/creative-europe.lu\\\/fr\\\/#organization\",\"name\":\"Creative Europe | Desk Luxembourg\",\"url\":\"https:\\\/\\\/creative-europe.lu\\\/fr\\\/\",\"logo\":{\"@type\":\"ImageObject\",\"inLanguage\":\"fr-FR\",\"@id\":\"https:\\\/\\\/creative-europe.lu\\\/fr\\\/#\\\/schema\\\/logo\\\/image\\\/\",\"url\":\"https:\\\/\\\/creative-europe.lu\\\/wp-content\\\/uploads\\\/2021\\\/12\\\/ce_desklux_blue_logo.png\",\"contentUrl\":\"https:\\\/\\\/creative-europe.lu\\\/wp-content\\\/uploads\\\/2021\\\/12\\\/ce_desklux_blue_logo.png\",\"width\":2476,\"height\":527,\"caption\":\"Creative Europe | Desk Luxembourg\"},\"image\":{\"@id\":\"https:\\\/\\\/creative-europe.lu\\\/fr\\\/#\\\/schema\\\/logo\\\/image\\\/\"}}]}<\/script>\n<!-- \/ Yoast SEO plugin. -->","yoast_head_json":{"title":"Webinaire | Possibilit\u00e9s de financements europ\u00e9ens pour projets culturels au Luxembourg - Creative Europe","robots":{"index":"index","follow":"follow","max-snippet":"max-snippet:-1","max-image-preview":"max-image-preview:large","max-video-preview":"max-video-preview:-1"},"canonical":"https:\/\/creative-europe.lu\/fr\/event\/webinaire-possibilites-de-financements-europeens-pour-projets-culturels-au-luxembourg\/","og_locale":"fr_FR","og_type":"article","og_title":"Webinaire | Possibilit\u00e9s de financements europ\u00e9ens pour projets culturels au Luxembourg - Creative Europe","og_description":"Vous \u00eates une petite association culturelle au Grand-Duch\u00e9 du Luxembourg ? Vous avez une id\u00e9e pour monter un projet transfrontalier ou europ\u00e9en et voulez b\u00e9n\u00e9ficier d\u2019un cofinancement europ\u00e9en ? Durant ce webinaire, les points de contact des programmes europ\u00e9ens Interreg Grande R\u00e9gion et Europe cr\u00e9ative vous pr\u00e9senteront les nouveaux appels \u00e0 projets, destin\u00e9s aux petites [&hellip;]","og_url":"https:\/\/creative-europe.lu\/fr\/event\/webinaire-possibilites-de-financements-europeens-pour-projets-culturels-au-luxembourg\/","og_site_name":"Creative Europe","article_modified_time":"2025-09-19T10:32:26+00:00","og_image":[{"width":1080,"height":1350,"url":"https:\/\/creative-europe.lu\/wp-content\/uploads\/2025\/09\/Eu-funding-possibilities-in-culture-2.jpg","type":"image\/jpeg"}],"twitter_card":"summary_large_image","twitter_misc":{"Dur\u00e9e de lecture estim\u00e9e":"1 minute"},"schema":{"@context":"https:\/\/schema.org","@graph":[{"@type":"WebPage","@id":"https:\/\/creative-europe.lu\/fr\/event\/webinaire-possibilites-de-financements-europeens-pour-projets-culturels-au-luxembourg\/","url":"https:\/\/creative-europe.lu\/fr\/event\/webinaire-possibilites-de-financements-europeens-pour-projets-culturels-au-luxembourg\/","name":"Webinaire | Possibilit\u00e9s de financements europ\u00e9ens pour projets culturels au Luxembourg - Creative Europe","isPartOf":{"@id":"https:\/\/creative-europe.lu\/fr\/#website"},"primaryImageOfPage":{"@id":"https:\/\/creative-europe.lu\/fr\/event\/webinaire-possibilites-de-financements-europeens-pour-projets-culturels-au-luxembourg\/#primaryimage"},"image":{"@id":"https:\/\/creative-europe.lu\/fr\/event\/webinaire-possibilites-de-financements-europeens-pour-projets-culturels-au-luxembourg\/#primaryimage"},"thumbnailUrl":"https:\/\/creative-europe.lu\/wp-content\/uploads\/2025\/09\/Eu-funding-possibilities-in-culture-2.jpg","datePublished":"2025-09-19T09:08:45+00:00","dateModified":"2025-09-19T10:32:26+00:00","breadcrumb":{"@id":"https:\/\/creative-europe.lu\/fr\/event\/webinaire-possibilites-de-financements-europeens-pour-projets-culturels-au-luxembourg\/#breadcrumb"},"inLanguage":"fr-FR","potentialAction":[{"@type":"ReadAction","target":["https:\/\/creative-europe.lu\/fr\/event\/webinaire-possibilites-de-financements-europeens-pour-projets-culturels-au-luxembourg\/"]}]},{"@type":"ImageObject","inLanguage":"fr-FR","@id":"https:\/\/creative-europe.lu\/fr\/event\/webinaire-possibilites-de-financements-europeens-pour-projets-culturels-au-luxembourg\/#primaryimage","url":"https:\/\/creative-europe.lu\/wp-content\/uploads\/2025\/09\/Eu-funding-possibilities-in-culture-2.jpg","contentUrl":"https:\/\/creative-europe.lu\/wp-content\/uploads\/2025\/09\/Eu-funding-possibilities-in-culture-2.jpg","width":1080,"height":1350},{"@type":"BreadcrumbList","@id":"https:\/\/creative-europe.lu\/fr\/event\/webinaire-possibilites-de-financements-europeens-pour-projets-culturels-au-luxembourg\/#breadcrumb","itemListElement":[{"@type":"ListItem","position":1,"name":"Home","item":"https:\/\/creative-europe.lu\/fr\/home\/"},{"@type":"ListItem","position":2,"name":"Webinaire | Possibilit\u00e9s de financements europ\u00e9ens pour projets culturels au Luxembourg"}]},{"@type":"WebSite","@id":"https:\/\/creative-europe.lu\/fr\/#website","url":"https:\/\/creative-europe.lu\/fr\/","name":"Creative Europe","description":"","publisher":{"@id":"https:\/\/creative-europe.lu\/fr\/#organization"},"potentialAction":[{"@type":"SearchAction","target":{"@type":"EntryPoint","urlTemplate":"https:\/\/creative-europe.lu\/fr\/?s={search_term_string}"},"query-input":{"@type":"PropertyValueSpecification","valueRequired":true,"valueName":"search_term_string"}}],"inLanguage":"fr-FR"},{"@type":"Organization","@id":"https:\/\/creative-europe.lu\/fr\/#organization","name":"Creative Europe | Desk Luxembourg","url":"https:\/\/creative-europe.lu\/fr\/","logo":{"@type":"ImageObject","inLanguage":"fr-FR","@id":"https:\/\/creative-europe.lu\/fr\/#\/schema\/logo\/image\/","url":"https:\/\/creative-europe.lu\/wp-content\/uploads\/2021\/12\/ce_desklux_blue_logo.png","contentUrl":"https:\/\/creative-europe.lu\/wp-content\/uploads\/2021\/12\/ce_desklux_blue_logo.png","width":2476,"height":527,"caption":"Creative Europe | Desk Luxembourg"},"image":{"@id":"https:\/\/creative-europe.lu\/fr\/#\/schema\/logo\/image\/"}}]}},"_links":{"self":[{"href":"https:\/\/creative-europe.lu\/fr\/wp-json\/wp\/v2\/cuco_events\/5033","targetHints":{"allow":["GET"]}}],"collection":[{"href":"https:\/\/creative-europe.lu\/fr\/wp-json\/wp\/v2\/cuco_events"}],"about":[{"href":"https:\/\/creative-europe.lu\/fr\/wp-json\/wp\/v2\/types\/cuco_events"}],"version-history":[{"count":3,"href":"https:\/\/creative-europe.lu\/fr\/wp-json\/wp\/v2\/cuco_events\/5033\/revisions"}],"predecessor-version":[{"id":5038,"href":"https:\/\/creative-europe.lu\/fr\/wp-json\/wp\/v2\/cuco_events\/5033\/revisions\/5038"}],"wp:featuredmedia":[{"embeddable":true,"href":"https:\/\/creative-europe.lu\/fr\/wp-json\/wp\/v2\/media\/5035"}],"wp:attachment":[{"href":"https:\/\/creative-europe.lu\/fr\/wp-json\/wp\/v2\/media?parent=5033"}],"wp:term":[{"taxonomy":"category","embeddable":true,"href":"https:\/\/creative-europe.lu\/fr\/wp-json\/wp\/v2\/categories?post=5033"},{"taxonomy":"event_category","embeddable":true,"href":"https:\/\/creative-europe.lu\/fr\/wp-json\/wp\/v2\/event_category?post=5033"},{"taxonomy":"language","embeddable":true,"href":"https:\/\/creative-europe.lu\/fr\/wp-json\/wp\/v2\/language?post=5033"},{"taxonomy":"event_organisator","embeddable":true,"href":"https:\/\/creative-europe.lu\/fr\/wp-json\/wp\/v2\/event_organisator?post=5033"},{"taxonomy":"sectors","embeddable":true,"href":"https:\/\/creative-europe.lu\/fr\/wp-json\/wp\/v2\/sectors?post=5033"}],"curies":[{"name":"wp","href":"https:\/\/api.w.org\/{rel}","templated":true}]}}