{"id":4779,"date":"2024-11-19T14:44:51","date_gmt":"2024-11-19T13:44:51","guid":{"rendered":"https:\/\/creative-europe.lu\/?post_type=cuco_events&#038;p=4779"},"modified":"2024-12-16T15:58:31","modified_gmt":"2024-12-16T14:58:31","slug":"infosession-de-decryptage-cooperation-culturelle-transnationale","status":"publish","type":"cuco_events","link":"https:\/\/creative-europe.lu\/fr\/event\/infosession-de-decryptage-cooperation-culturelle-transnationale\/","title":{"rendered":"Infosession de d\u00e9cryptage | Coop\u00e9ration culturelle transnationale"},"content":{"rendered":"<p><strong>Infosession de d\u00e9cryptage &#8211; CREA-CULT-2025-COOP<\/strong><\/p>\n<p><strong>7 janvier 2025 | 10:30 &#8211; 12:30 | en ligne | fr.<\/strong><\/p>\n<p>L\u2019appel annuel \u00ab Coop\u00e9ration culturelle transnationale \u00bb sera prochainement ouvert (d\u00e9but d\u00e9cembre). Il soutient des projets de coop\u00e9ration transnationaux de minimum 3 partenaires de 3 pays diff\u00e9rents. Les projets privil\u00e9gient, soit la circulation transnationale des \u0153uvres et des artistes, soit l\u2019innovation. Les projets reposent sur un consortium pertinent et solide et constituent une (part de) r\u00e9ponse \u00e0 un enjeu plus large.<\/p>\n<p>Tout vous sera expliqu\u00e9 lors de notre infosession de d\u00e9cryptage qui se d\u00e9roulera en ligne &amp; en fran\u00e7ais, le mercredi 18 d\u00e9cembre de 10.00 \u00e0 12.30 : type de projets, crit\u00e8res d\u2019\u00e9ligibilit\u00e9, changements par rapport \u00e0 l\u2019appel pr\u00e9c\u00e9dent, comment candidater, crit\u00e8res d\u2019\u00e9valuation, etc.\u00a0 Cette infosession s\u2019organise en collaboration entre 3 Bureaux <em>Europe cr\u00e9ative<\/em>\u00a0: Luxembourg, Flandre et Wallonie-Bruxelles.<\/p>\n<p>Bien que l\u2019appel 2025 \u00e0 paraitre connaitra des changements, le contenu de l\u2019appel pr\u00e9c\u00e9dent constitue une bonne base de lecture pour \u00e9valuer votre int\u00e9r\u00eat pour ce type d\u2019appel\u00a0 <a href=\"https:\/\/www.europecreative.be\/fr\/progr-culture\/aides\/aides-europe-creative\/projets-de-cooperation-europeenne\">https:\/\/www.europecreative.be\/fr\/progr-culture\/aides\/aides-europe-creative\/projets-de-cooperation-europeenne<\/a><\/p>\n<p style=\"text-align: center;\"><strong>Inscription obligatoire <a href=\"https:\/\/www.cognitoforms.com\/BureauEuropeCr%C3%A9ativeWallonieBruxelles\/FormulaireDinscriptionINFOSESSION070125COOP2025\">ici<\/a><\/strong><\/p>\n","protected":false},"excerpt":{"rendered":"<p>Infosession de d\u00e9cryptage &#8211; CREA-CULT-2025-COOP 7 janvier 2025 | 10:30 &#8211; 12:30 | en ligne | fr. L\u2019appel annuel \u00ab Coop\u00e9ration culturelle transnationale \u00bb sera prochainement ouvert (d\u00e9but d\u00e9cembre). Il soutient des projets de coop\u00e9ration transnationaux de minimum 3 partenaires de 3 pays diff\u00e9rents. Les projets privil\u00e9gient, soit la circulation transnationale des \u0153uvres et des [&hellip;]<\/p>\n","protected":false},"featured_media":4776,"template":"","categories":[18],"event_category":[21],"language":[55],"event_organisator":[873],"sectors":[39],"class_list":["post-4779","cuco_events","type-cuco_events","status-publish","has-post-thumbnail","hentry","category-culture","event_category-offline-info-event","language-french","event_organisator-creative-europe-desks","sectors-multidisciplinary"],"acf":[],"yoast_head":"<!-- This site is optimized with the Yoast SEO plugin v27.3 - https:\/\/yoast.com\/product\/yoast-seo-wordpress\/ -->\n<title>Infosession de d\u00e9cryptage | Coop\u00e9ration culturelle transnationale - Creative Europe<\/title>\n<meta name=\"robots\" content=\"index, follow, max-snippet:-1, max-image-preview:large, max-video-preview:-1\" \/>\n<link rel=\"canonical\" href=\"https:\/\/creative-europe.lu\/fr\/event\/infosession-de-decryptage-cooperation-culturelle-transnationale\/\" \/>\n<meta property=\"og:locale\" content=\"fr_FR\" \/>\n<meta property=\"og:type\" content=\"article\" \/>\n<meta property=\"og:title\" content=\"Infosession de d\u00e9cryptage | Coop\u00e9ration culturelle transnationale - Creative Europe\" \/>\n<meta property=\"og:description\" content=\"Infosession de d\u00e9cryptage &#8211; CREA-CULT-2025-COOP 7 janvier 2025 | 10:30 &#8211; 12:30 | en ligne | fr. L\u2019appel annuel \u00ab Coop\u00e9ration culturelle transnationale \u00bb sera prochainement ouvert (d\u00e9but d\u00e9cembre). Il soutient des projets de coop\u00e9ration transnationaux de minimum 3 partenaires de 3 pays diff\u00e9rents. Les projets privil\u00e9gient, soit la circulation transnationale des \u0153uvres et des [&hellip;]\" \/>\n<meta property=\"og:url\" content=\"https:\/\/creative-europe.lu\/fr\/event\/infosession-de-decryptage-cooperation-culturelle-transnationale\/\" \/>\n<meta property=\"og:site_name\" content=\"Creative Europe\" \/>\n<meta property=\"article:modified_time\" content=\"2024-12-16T14:58:31+00:00\" \/>\n<meta property=\"og:image\" content=\"https:\/\/creative-europe.lu\/wp-content\/uploads\/2024\/11\/Info-Session-COOP.jpg\" \/>\n\t<meta property=\"og:image:width\" content=\"607\" \/>\n\t<meta property=\"og:image:height\" content=\"605\" \/>\n\t<meta property=\"og:image:type\" content=\"image\/jpeg\" \/>\n<meta name=\"twitter:card\" content=\"summary_large_image\" \/>\n<meta name=\"twitter:label1\" content=\"Dur\u00e9e de lecture estim\u00e9e\" \/>\n\t<meta name=\"twitter:data1\" content=\"1 minute\" \/>\n<script type=\"application\/ld+json\" class=\"yoast-schema-graph\">{\"@context\":\"https:\\\/\\\/schema.org\",\"@graph\":[{\"@type\":\"WebPage\",\"@id\":\"https:\\\/\\\/creative-europe.lu\\\/fr\\\/event\\\/infosession-de-decryptage-cooperation-culturelle-transnationale\\\/\",\"url\":\"https:\\\/\\\/creative-europe.lu\\\/fr\\\/event\\\/infosession-de-decryptage-cooperation-culturelle-transnationale\\\/\",\"name\":\"Infosession de d\u00e9cryptage | Coop\u00e9ration culturelle transnationale - Creative Europe\",\"isPartOf\":{\"@id\":\"https:\\\/\\\/creative-europe.lu\\\/fr\\\/#website\"},\"primaryImageOfPage\":{\"@id\":\"https:\\\/\\\/creative-europe.lu\\\/fr\\\/event\\\/infosession-de-decryptage-cooperation-culturelle-transnationale\\\/#primaryimage\"},\"image\":{\"@id\":\"https:\\\/\\\/creative-europe.lu\\\/fr\\\/event\\\/infosession-de-decryptage-cooperation-culturelle-transnationale\\\/#primaryimage\"},\"thumbnailUrl\":\"https:\\\/\\\/creative-europe.lu\\\/wp-content\\\/uploads\\\/2024\\\/11\\\/Info-Session-COOP.jpg\",\"datePublished\":\"2024-11-19T13:44:51+00:00\",\"dateModified\":\"2024-12-16T14:58:31+00:00\",\"breadcrumb\":{\"@id\":\"https:\\\/\\\/creative-europe.lu\\\/fr\\\/event\\\/infosession-de-decryptage-cooperation-culturelle-transnationale\\\/#breadcrumb\"},\"inLanguage\":\"fr-FR\",\"potentialAction\":[{\"@type\":\"ReadAction\",\"target\":[\"https:\\\/\\\/creative-europe.lu\\\/fr\\\/event\\\/infosession-de-decryptage-cooperation-culturelle-transnationale\\\/\"]}]},{\"@type\":\"ImageObject\",\"inLanguage\":\"fr-FR\",\"@id\":\"https:\\\/\\\/creative-europe.lu\\\/fr\\\/event\\\/infosession-de-decryptage-cooperation-culturelle-transnationale\\\/#primaryimage\",\"url\":\"https:\\\/\\\/creative-europe.lu\\\/wp-content\\\/uploads\\\/2024\\\/11\\\/Info-Session-COOP.jpg\",\"contentUrl\":\"https:\\\/\\\/creative-europe.lu\\\/wp-content\\\/uploads\\\/2024\\\/11\\\/Info-Session-COOP.jpg\",\"width\":607,\"height\":605},{\"@type\":\"BreadcrumbList\",\"@id\":\"https:\\\/\\\/creative-europe.lu\\\/fr\\\/event\\\/infosession-de-decryptage-cooperation-culturelle-transnationale\\\/#breadcrumb\",\"itemListElement\":[{\"@type\":\"ListItem\",\"position\":1,\"name\":\"Home\",\"item\":\"https:\\\/\\\/creative-europe.lu\\\/fr\\\/home\\\/\"},{\"@type\":\"ListItem\",\"position\":2,\"name\":\"Infosession de d\u00e9cryptage | Coop\u00e9ration culturelle transnationale\"}]},{\"@type\":\"WebSite\",\"@id\":\"https:\\\/\\\/creative-europe.lu\\\/fr\\\/#website\",\"url\":\"https:\\\/\\\/creative-europe.lu\\\/fr\\\/\",\"name\":\"Creative Europe\",\"description\":\"\",\"publisher\":{\"@id\":\"https:\\\/\\\/creative-europe.lu\\\/fr\\\/#organization\"},\"potentialAction\":[{\"@type\":\"SearchAction\",\"target\":{\"@type\":\"EntryPoint\",\"urlTemplate\":\"https:\\\/\\\/creative-europe.lu\\\/fr\\\/?s={search_term_string}\"},\"query-input\":{\"@type\":\"PropertyValueSpecification\",\"valueRequired\":true,\"valueName\":\"search_term_string\"}}],\"inLanguage\":\"fr-FR\"},{\"@type\":\"Organization\",\"@id\":\"https:\\\/\\\/creative-europe.lu\\\/fr\\\/#organization\",\"name\":\"Creative Europe | Desk Luxembourg\",\"url\":\"https:\\\/\\\/creative-europe.lu\\\/fr\\\/\",\"logo\":{\"@type\":\"ImageObject\",\"inLanguage\":\"fr-FR\",\"@id\":\"https:\\\/\\\/creative-europe.lu\\\/fr\\\/#\\\/schema\\\/logo\\\/image\\\/\",\"url\":\"https:\\\/\\\/creative-europe.lu\\\/wp-content\\\/uploads\\\/2021\\\/12\\\/ce_desklux_blue_logo.png\",\"contentUrl\":\"https:\\\/\\\/creative-europe.lu\\\/wp-content\\\/uploads\\\/2021\\\/12\\\/ce_desklux_blue_logo.png\",\"width\":2476,\"height\":527,\"caption\":\"Creative Europe | Desk Luxembourg\"},\"image\":{\"@id\":\"https:\\\/\\\/creative-europe.lu\\\/fr\\\/#\\\/schema\\\/logo\\\/image\\\/\"}}]}<\/script>\n<!-- \/ Yoast SEO plugin. -->","yoast_head_json":{"title":"Infosession de d\u00e9cryptage | Coop\u00e9ration culturelle transnationale - Creative Europe","robots":{"index":"index","follow":"follow","max-snippet":"max-snippet:-1","max-image-preview":"max-image-preview:large","max-video-preview":"max-video-preview:-1"},"canonical":"https:\/\/creative-europe.lu\/fr\/event\/infosession-de-decryptage-cooperation-culturelle-transnationale\/","og_locale":"fr_FR","og_type":"article","og_title":"Infosession de d\u00e9cryptage | Coop\u00e9ration culturelle transnationale - Creative Europe","og_description":"Infosession de d\u00e9cryptage &#8211; CREA-CULT-2025-COOP 7 janvier 2025 | 10:30 &#8211; 12:30 | en ligne | fr. L\u2019appel annuel \u00ab Coop\u00e9ration culturelle transnationale \u00bb sera prochainement ouvert (d\u00e9but d\u00e9cembre). Il soutient des projets de coop\u00e9ration transnationaux de minimum 3 partenaires de 3 pays diff\u00e9rents. Les projets privil\u00e9gient, soit la circulation transnationale des \u0153uvres et des [&hellip;]","og_url":"https:\/\/creative-europe.lu\/fr\/event\/infosession-de-decryptage-cooperation-culturelle-transnationale\/","og_site_name":"Creative Europe","article_modified_time":"2024-12-16T14:58:31+00:00","og_image":[{"width":607,"height":605,"url":"https:\/\/creative-europe.lu\/wp-content\/uploads\/2024\/11\/Info-Session-COOP.jpg","type":"image\/jpeg"}],"twitter_card":"summary_large_image","twitter_misc":{"Dur\u00e9e de lecture estim\u00e9e":"1 minute"},"schema":{"@context":"https:\/\/schema.org","@graph":[{"@type":"WebPage","@id":"https:\/\/creative-europe.lu\/fr\/event\/infosession-de-decryptage-cooperation-culturelle-transnationale\/","url":"https:\/\/creative-europe.lu\/fr\/event\/infosession-de-decryptage-cooperation-culturelle-transnationale\/","name":"Infosession de d\u00e9cryptage | Coop\u00e9ration culturelle transnationale - Creative Europe","isPartOf":{"@id":"https:\/\/creative-europe.lu\/fr\/#website"},"primaryImageOfPage":{"@id":"https:\/\/creative-europe.lu\/fr\/event\/infosession-de-decryptage-cooperation-culturelle-transnationale\/#primaryimage"},"image":{"@id":"https:\/\/creative-europe.lu\/fr\/event\/infosession-de-decryptage-cooperation-culturelle-transnationale\/#primaryimage"},"thumbnailUrl":"https:\/\/creative-europe.lu\/wp-content\/uploads\/2024\/11\/Info-Session-COOP.jpg","datePublished":"2024-11-19T13:44:51+00:00","dateModified":"2024-12-16T14:58:31+00:00","breadcrumb":{"@id":"https:\/\/creative-europe.lu\/fr\/event\/infosession-de-decryptage-cooperation-culturelle-transnationale\/#breadcrumb"},"inLanguage":"fr-FR","potentialAction":[{"@type":"ReadAction","target":["https:\/\/creative-europe.lu\/fr\/event\/infosession-de-decryptage-cooperation-culturelle-transnationale\/"]}]},{"@type":"ImageObject","inLanguage":"fr-FR","@id":"https:\/\/creative-europe.lu\/fr\/event\/infosession-de-decryptage-cooperation-culturelle-transnationale\/#primaryimage","url":"https:\/\/creative-europe.lu\/wp-content\/uploads\/2024\/11\/Info-Session-COOP.jpg","contentUrl":"https:\/\/creative-europe.lu\/wp-content\/uploads\/2024\/11\/Info-Session-COOP.jpg","width":607,"height":605},{"@type":"BreadcrumbList","@id":"https:\/\/creative-europe.lu\/fr\/event\/infosession-de-decryptage-cooperation-culturelle-transnationale\/#breadcrumb","itemListElement":[{"@type":"ListItem","position":1,"name":"Home","item":"https:\/\/creative-europe.lu\/fr\/home\/"},{"@type":"ListItem","position":2,"name":"Infosession de d\u00e9cryptage | Coop\u00e9ration culturelle transnationale"}]},{"@type":"WebSite","@id":"https:\/\/creative-europe.lu\/fr\/#website","url":"https:\/\/creative-europe.lu\/fr\/","name":"Creative Europe","description":"","publisher":{"@id":"https:\/\/creative-europe.lu\/fr\/#organization"},"potentialAction":[{"@type":"SearchAction","target":{"@type":"EntryPoint","urlTemplate":"https:\/\/creative-europe.lu\/fr\/?s={search_term_string}"},"query-input":{"@type":"PropertyValueSpecification","valueRequired":true,"valueName":"search_term_string"}}],"inLanguage":"fr-FR"},{"@type":"Organization","@id":"https:\/\/creative-europe.lu\/fr\/#organization","name":"Creative Europe | Desk Luxembourg","url":"https:\/\/creative-europe.lu\/fr\/","logo":{"@type":"ImageObject","inLanguage":"fr-FR","@id":"https:\/\/creative-europe.lu\/fr\/#\/schema\/logo\/image\/","url":"https:\/\/creative-europe.lu\/wp-content\/uploads\/2021\/12\/ce_desklux_blue_logo.png","contentUrl":"https:\/\/creative-europe.lu\/wp-content\/uploads\/2021\/12\/ce_desklux_blue_logo.png","width":2476,"height":527,"caption":"Creative Europe | Desk Luxembourg"},"image":{"@id":"https:\/\/creative-europe.lu\/fr\/#\/schema\/logo\/image\/"}}]}},"_links":{"self":[{"href":"https:\/\/creative-europe.lu\/fr\/wp-json\/wp\/v2\/cuco_events\/4779","targetHints":{"allow":["GET"]}}],"collection":[{"href":"https:\/\/creative-europe.lu\/fr\/wp-json\/wp\/v2\/cuco_events"}],"about":[{"href":"https:\/\/creative-europe.lu\/fr\/wp-json\/wp\/v2\/types\/cuco_events"}],"version-history":[{"count":4,"href":"https:\/\/creative-europe.lu\/fr\/wp-json\/wp\/v2\/cuco_events\/4779\/revisions"}],"predecessor-version":[{"id":4808,"href":"https:\/\/creative-europe.lu\/fr\/wp-json\/wp\/v2\/cuco_events\/4779\/revisions\/4808"}],"wp:featuredmedia":[{"embeddable":true,"href":"https:\/\/creative-europe.lu\/fr\/wp-json\/wp\/v2\/media\/4776"}],"wp:attachment":[{"href":"https:\/\/creative-europe.lu\/fr\/wp-json\/wp\/v2\/media?parent=4779"}],"wp:term":[{"taxonomy":"category","embeddable":true,"href":"https:\/\/creative-europe.lu\/fr\/wp-json\/wp\/v2\/categories?post=4779"},{"taxonomy":"event_category","embeddable":true,"href":"https:\/\/creative-europe.lu\/fr\/wp-json\/wp\/v2\/event_category?post=4779"},{"taxonomy":"language","embeddable":true,"href":"https:\/\/creative-europe.lu\/fr\/wp-json\/wp\/v2\/language?post=4779"},{"taxonomy":"event_organisator","embeddable":true,"href":"https:\/\/creative-europe.lu\/fr\/wp-json\/wp\/v2\/event_organisator?post=4779"},{"taxonomy":"sectors","embeddable":true,"href":"https:\/\/creative-europe.lu\/fr\/wp-json\/wp\/v2\/sectors?post=4779"}],"curies":[{"name":"wp","href":"https:\/\/api.w.org\/{rel}","templated":true}]}}