{"id":4712,"date":"2024-10-21T10:33:47","date_gmt":"2024-10-21T08:33:47","guid":{"rendered":"https:\/\/creative-europe.lu\/?post_type=cuco_events&#038;p=4712"},"modified":"2024-10-21T10:33:47","modified_gmt":"2024-10-21T08:33:47","slug":"europe-creative-au-kikk-festival-2024","status":"publish","type":"cuco_events","link":"https:\/\/creative-europe.lu\/fr\/event\/europe-creative-au-kikk-festival-2024\/","title":{"rendered":"Europe cr\u00e9ative au KIKK Festival 2024"},"content":{"rendered":"<p>EUROPE cr\u00e9ative au KIKK Festival des arts num\u00e9riques 2024 !<\/p>\n<p><strong>24-25 octobre 2024 | KIKK Market (Place d&rsquo;Armes, Namur) | 10:00 &#8211; 18:00<\/strong><\/p>\n<p>Les Bureaux Europe cr\u00e9ative Culture Luxembourg, France, Flandre et Wallonie Bruxelles vous attendent au KIKK Market!<br \/>\nNous vous informons en continu sur les opportunit\u00e9s de financement de vos projets culturels \u00e0 travers le programme.<\/p>\n<p>Si vous souhaitez garantir un cr\u00e9neau horaire, prenez d\u00e8s \u00e0 pr\u00e9sent rendez-vous :<br \/>\n\u2022 Bureau Luxembourg : Julie MATHIEU &#x6a;&#117;l&#x69;&#x65;&#46;m&#x61;&#116;h&#x69;&#x65;&#117;&#64;&#x63;&#114;e&#x61;&#x74;&#105;v&#x65;&#x2d;&#101;&#x75;&#x72;&#111;p&#x65;&#x2e;&#101;t&#x61;&#116;&#46;&#x6c;&#x75;<br \/>\n\u2022 Relais Culture Europe France : Martha GUTIERREZ &#x6d;a&#x72;&#116;&#x68;&#97;&#x2e;&#x67;u&#x74;&#105;&#x65;&#114;&#x72;&#101;z&#x40;&#114;&#x65;&#108;&#x61;&#105;s&#x2d;&#99;&#x75;&#108;&#x74;&#117;r&#x65;-&#x65;&#117;&#x72;&#111;p&#x65;&#46;&#x65;&#117;<br \/>\n\u2022 Bureau Vlaanderen : Ariane De Vriendt ar&#105;&#97;&#110;&#101;&#x2e;&#x64;&#x65;&#x76;&#x72;ie&#110;&#100;&#116;&#64;&#x76;&#x6c;&#x61;&#x61;&#x6e;de&#114;&#101;&#110;&#46;&#x62;&#x65;<br \/>\n\u2022 Bureau Wallonie-Bruxelles : Nathalie MARCHAL n&#97;&#116;&#x68;&#x61;&#x6c;i&#101;&#46;&#x6d;&#x61;&#x72;ch&#97;&#x6c;&#x40;&#x63;fw&#98;&#46;&#x62;&#x65;<\/p>\n<p>&nbsp;<\/p>\n<p><img loading=\"lazy\" decoding=\"async\" class=\"size-medium wp-image-4715 aligncenter\" src=\"https:\/\/creative-europe.lu\/wp-content\/uploads\/2024\/10\/KIKK-Festival-300x225.jpg\" alt=\"\" width=\"300\" height=\"225\" srcset=\"https:\/\/creative-europe.lu\/wp-content\/uploads\/2024\/10\/KIKK-Festival-300x225.jpg 300w, https:\/\/creative-europe.lu\/wp-content\/uploads\/2024\/10\/KIKK-Festival-1024x768.jpg 1024w, https:\/\/creative-europe.lu\/wp-content\/uploads\/2024\/10\/KIKK-Festival-768x576.jpg 768w, https:\/\/creative-europe.lu\/wp-content\/uploads\/2024\/10\/KIKK-Festival-1536x1152.jpg 1536w, https:\/\/creative-europe.lu\/wp-content\/uploads\/2024\/10\/KIKK-Festival.jpg 1600w\" sizes=\"auto, (max-width: 300px) 100vw, 300px\" \/><\/p>\n","protected":false},"excerpt":{"rendered":"<p>EUROPE cr\u00e9ative au KIKK Festival des arts num\u00e9riques 2024 ! 24-25 octobre 2024 | KIKK Market (Place d&rsquo;Armes, Namur) | 10:00 &#8211; 18:00 Les Bureaux Europe cr\u00e9ative Culture Luxembourg, France, Flandre et Wallonie Bruxelles vous attendent au KIKK Market! Nous vous informons en continu sur les opportunit\u00e9s de financement de vos projets culturels \u00e0 travers [&hellip;]<\/p>\n","protected":false},"featured_media":4713,"template":"","categories":[18,1],"event_category":[58],"language":[887,888,54,55,53,56],"event_organisator":[873],"sectors":[886,46],"class_list":["post-4712","cuco_events","type-cuco_events","status-publish","has-post-thumbnail","hentry","category-culture","category-cross-sectoral","event_category-market","language-dutch","language-luxembourgish","language-english","language-french","language-german","language-other","event_organisator-creative-europe-desks","sectors-ai","sectors-digital-arts"],"acf":[],"yoast_head":"<!-- This site is optimized with the Yoast SEO plugin v27.3 - https:\/\/yoast.com\/product\/yoast-seo-wordpress\/ -->\n<title>Europe cr\u00e9ative au KIKK Festival 2024 - Creative Europe<\/title>\n<meta name=\"robots\" content=\"index, follow, max-snippet:-1, max-image-preview:large, max-video-preview:-1\" \/>\n<link rel=\"canonical\" href=\"https:\/\/creative-europe.lu\/fr\/event\/europe-creative-au-kikk-festival-2024\/\" \/>\n<meta property=\"og:locale\" content=\"fr_FR\" \/>\n<meta property=\"og:type\" content=\"article\" \/>\n<meta property=\"og:title\" content=\"Europe cr\u00e9ative au KIKK Festival 2024 - Creative Europe\" \/>\n<meta property=\"og:description\" content=\"EUROPE cr\u00e9ative au KIKK Festival des arts num\u00e9riques 2024 ! 24-25 octobre 2024 | KIKK Market (Place d&rsquo;Armes, Namur) | 10:00 &#8211; 18:00 Les Bureaux Europe cr\u00e9ative Culture Luxembourg, France, Flandre et Wallonie Bruxelles vous attendent au KIKK Market! Nous vous informons en continu sur les opportunit\u00e9s de financement de vos projets culturels \u00e0 travers [&hellip;]\" \/>\n<meta property=\"og:url\" content=\"https:\/\/creative-europe.lu\/fr\/event\/europe-creative-au-kikk-festival-2024\/\" \/>\n<meta property=\"og:site_name\" content=\"Creative Europe\" \/>\n<meta property=\"og:image\" content=\"https:\/\/creative-europe.lu\/wp-content\/uploads\/2024\/10\/KIKK_1.jpg\" \/>\n\t<meta property=\"og:image:width\" content=\"1600\" \/>\n\t<meta property=\"og:image:height\" content=\"1200\" \/>\n\t<meta property=\"og:image:type\" content=\"image\/jpeg\" \/>\n<meta name=\"twitter:card\" content=\"summary_large_image\" \/>\n<meta name=\"twitter:label1\" content=\"Dur\u00e9e de lecture estim\u00e9e\" \/>\n\t<meta name=\"twitter:data1\" content=\"1 minute\" \/>\n<script type=\"application\/ld+json\" class=\"yoast-schema-graph\">{\"@context\":\"https:\\\/\\\/schema.org\",\"@graph\":[{\"@type\":\"WebPage\",\"@id\":\"https:\\\/\\\/creative-europe.lu\\\/fr\\\/event\\\/europe-creative-au-kikk-festival-2024\\\/\",\"url\":\"https:\\\/\\\/creative-europe.lu\\\/fr\\\/event\\\/europe-creative-au-kikk-festival-2024\\\/\",\"name\":\"Europe cr\u00e9ative au KIKK Festival 2024 - Creative Europe\",\"isPartOf\":{\"@id\":\"https:\\\/\\\/creative-europe.lu\\\/fr\\\/#website\"},\"primaryImageOfPage\":{\"@id\":\"https:\\\/\\\/creative-europe.lu\\\/fr\\\/event\\\/europe-creative-au-kikk-festival-2024\\\/#primaryimage\"},\"image\":{\"@id\":\"https:\\\/\\\/creative-europe.lu\\\/fr\\\/event\\\/europe-creative-au-kikk-festival-2024\\\/#primaryimage\"},\"thumbnailUrl\":\"https:\\\/\\\/creative-europe.lu\\\/wp-content\\\/uploads\\\/2024\\\/10\\\/KIKK_1.jpg\",\"datePublished\":\"2024-10-21T08:33:47+00:00\",\"breadcrumb\":{\"@id\":\"https:\\\/\\\/creative-europe.lu\\\/fr\\\/event\\\/europe-creative-au-kikk-festival-2024\\\/#breadcrumb\"},\"inLanguage\":\"fr-FR\",\"potentialAction\":[{\"@type\":\"ReadAction\",\"target\":[\"https:\\\/\\\/creative-europe.lu\\\/fr\\\/event\\\/europe-creative-au-kikk-festival-2024\\\/\"]}]},{\"@type\":\"ImageObject\",\"inLanguage\":\"fr-FR\",\"@id\":\"https:\\\/\\\/creative-europe.lu\\\/fr\\\/event\\\/europe-creative-au-kikk-festival-2024\\\/#primaryimage\",\"url\":\"https:\\\/\\\/creative-europe.lu\\\/wp-content\\\/uploads\\\/2024\\\/10\\\/KIKK_1.jpg\",\"contentUrl\":\"https:\\\/\\\/creative-europe.lu\\\/wp-content\\\/uploads\\\/2024\\\/10\\\/KIKK_1.jpg\",\"width\":1600,\"height\":1200},{\"@type\":\"BreadcrumbList\",\"@id\":\"https:\\\/\\\/creative-europe.lu\\\/fr\\\/event\\\/europe-creative-au-kikk-festival-2024\\\/#breadcrumb\",\"itemListElement\":[{\"@type\":\"ListItem\",\"position\":1,\"name\":\"Home\",\"item\":\"https:\\\/\\\/creative-europe.lu\\\/fr\\\/home\\\/\"},{\"@type\":\"ListItem\",\"position\":2,\"name\":\"Europe cr\u00e9ative au KIKK Festival 2024\"}]},{\"@type\":\"WebSite\",\"@id\":\"https:\\\/\\\/creative-europe.lu\\\/fr\\\/#website\",\"url\":\"https:\\\/\\\/creative-europe.lu\\\/fr\\\/\",\"name\":\"Creative Europe\",\"description\":\"\",\"publisher\":{\"@id\":\"https:\\\/\\\/creative-europe.lu\\\/fr\\\/#organization\"},\"potentialAction\":[{\"@type\":\"SearchAction\",\"target\":{\"@type\":\"EntryPoint\",\"urlTemplate\":\"https:\\\/\\\/creative-europe.lu\\\/fr\\\/?s={search_term_string}\"},\"query-input\":{\"@type\":\"PropertyValueSpecification\",\"valueRequired\":true,\"valueName\":\"search_term_string\"}}],\"inLanguage\":\"fr-FR\"},{\"@type\":\"Organization\",\"@id\":\"https:\\\/\\\/creative-europe.lu\\\/fr\\\/#organization\",\"name\":\"Creative Europe | Desk Luxembourg\",\"url\":\"https:\\\/\\\/creative-europe.lu\\\/fr\\\/\",\"logo\":{\"@type\":\"ImageObject\",\"inLanguage\":\"fr-FR\",\"@id\":\"https:\\\/\\\/creative-europe.lu\\\/fr\\\/#\\\/schema\\\/logo\\\/image\\\/\",\"url\":\"https:\\\/\\\/creative-europe.lu\\\/wp-content\\\/uploads\\\/2021\\\/12\\\/ce_desklux_blue_logo.png\",\"contentUrl\":\"https:\\\/\\\/creative-europe.lu\\\/wp-content\\\/uploads\\\/2021\\\/12\\\/ce_desklux_blue_logo.png\",\"width\":2476,\"height\":527,\"caption\":\"Creative Europe | Desk Luxembourg\"},\"image\":{\"@id\":\"https:\\\/\\\/creative-europe.lu\\\/fr\\\/#\\\/schema\\\/logo\\\/image\\\/\"}}]}<\/script>\n<!-- \/ Yoast SEO plugin. -->","yoast_head_json":{"title":"Europe cr\u00e9ative au KIKK Festival 2024 - Creative Europe","robots":{"index":"index","follow":"follow","max-snippet":"max-snippet:-1","max-image-preview":"max-image-preview:large","max-video-preview":"max-video-preview:-1"},"canonical":"https:\/\/creative-europe.lu\/fr\/event\/europe-creative-au-kikk-festival-2024\/","og_locale":"fr_FR","og_type":"article","og_title":"Europe cr\u00e9ative au KIKK Festival 2024 - Creative Europe","og_description":"EUROPE cr\u00e9ative au KIKK Festival des arts num\u00e9riques 2024 ! 24-25 octobre 2024 | KIKK Market (Place d&rsquo;Armes, Namur) | 10:00 &#8211; 18:00 Les Bureaux Europe cr\u00e9ative Culture Luxembourg, France, Flandre et Wallonie Bruxelles vous attendent au KIKK Market! Nous vous informons en continu sur les opportunit\u00e9s de financement de vos projets culturels \u00e0 travers [&hellip;]","og_url":"https:\/\/creative-europe.lu\/fr\/event\/europe-creative-au-kikk-festival-2024\/","og_site_name":"Creative Europe","og_image":[{"width":1600,"height":1200,"url":"https:\/\/creative-europe.lu\/wp-content\/uploads\/2024\/10\/KIKK_1.jpg","type":"image\/jpeg"}],"twitter_card":"summary_large_image","twitter_misc":{"Dur\u00e9e de lecture estim\u00e9e":"1 minute"},"schema":{"@context":"https:\/\/schema.org","@graph":[{"@type":"WebPage","@id":"https:\/\/creative-europe.lu\/fr\/event\/europe-creative-au-kikk-festival-2024\/","url":"https:\/\/creative-europe.lu\/fr\/event\/europe-creative-au-kikk-festival-2024\/","name":"Europe cr\u00e9ative au KIKK Festival 2024 - Creative Europe","isPartOf":{"@id":"https:\/\/creative-europe.lu\/fr\/#website"},"primaryImageOfPage":{"@id":"https:\/\/creative-europe.lu\/fr\/event\/europe-creative-au-kikk-festival-2024\/#primaryimage"},"image":{"@id":"https:\/\/creative-europe.lu\/fr\/event\/europe-creative-au-kikk-festival-2024\/#primaryimage"},"thumbnailUrl":"https:\/\/creative-europe.lu\/wp-content\/uploads\/2024\/10\/KIKK_1.jpg","datePublished":"2024-10-21T08:33:47+00:00","breadcrumb":{"@id":"https:\/\/creative-europe.lu\/fr\/event\/europe-creative-au-kikk-festival-2024\/#breadcrumb"},"inLanguage":"fr-FR","potentialAction":[{"@type":"ReadAction","target":["https:\/\/creative-europe.lu\/fr\/event\/europe-creative-au-kikk-festival-2024\/"]}]},{"@type":"ImageObject","inLanguage":"fr-FR","@id":"https:\/\/creative-europe.lu\/fr\/event\/europe-creative-au-kikk-festival-2024\/#primaryimage","url":"https:\/\/creative-europe.lu\/wp-content\/uploads\/2024\/10\/KIKK_1.jpg","contentUrl":"https:\/\/creative-europe.lu\/wp-content\/uploads\/2024\/10\/KIKK_1.jpg","width":1600,"height":1200},{"@type":"BreadcrumbList","@id":"https:\/\/creative-europe.lu\/fr\/event\/europe-creative-au-kikk-festival-2024\/#breadcrumb","itemListElement":[{"@type":"ListItem","position":1,"name":"Home","item":"https:\/\/creative-europe.lu\/fr\/home\/"},{"@type":"ListItem","position":2,"name":"Europe cr\u00e9ative au KIKK Festival 2024"}]},{"@type":"WebSite","@id":"https:\/\/creative-europe.lu\/fr\/#website","url":"https:\/\/creative-europe.lu\/fr\/","name":"Creative Europe","description":"","publisher":{"@id":"https:\/\/creative-europe.lu\/fr\/#organization"},"potentialAction":[{"@type":"SearchAction","target":{"@type":"EntryPoint","urlTemplate":"https:\/\/creative-europe.lu\/fr\/?s={search_term_string}"},"query-input":{"@type":"PropertyValueSpecification","valueRequired":true,"valueName":"search_term_string"}}],"inLanguage":"fr-FR"},{"@type":"Organization","@id":"https:\/\/creative-europe.lu\/fr\/#organization","name":"Creative Europe | Desk Luxembourg","url":"https:\/\/creative-europe.lu\/fr\/","logo":{"@type":"ImageObject","inLanguage":"fr-FR","@id":"https:\/\/creative-europe.lu\/fr\/#\/schema\/logo\/image\/","url":"https:\/\/creative-europe.lu\/wp-content\/uploads\/2021\/12\/ce_desklux_blue_logo.png","contentUrl":"https:\/\/creative-europe.lu\/wp-content\/uploads\/2021\/12\/ce_desklux_blue_logo.png","width":2476,"height":527,"caption":"Creative Europe | Desk Luxembourg"},"image":{"@id":"https:\/\/creative-europe.lu\/fr\/#\/schema\/logo\/image\/"}}]}},"_links":{"self":[{"href":"https:\/\/creative-europe.lu\/fr\/wp-json\/wp\/v2\/cuco_events\/4712","targetHints":{"allow":["GET"]}}],"collection":[{"href":"https:\/\/creative-europe.lu\/fr\/wp-json\/wp\/v2\/cuco_events"}],"about":[{"href":"https:\/\/creative-europe.lu\/fr\/wp-json\/wp\/v2\/types\/cuco_events"}],"version-history":[{"count":1,"href":"https:\/\/creative-europe.lu\/fr\/wp-json\/wp\/v2\/cuco_events\/4712\/revisions"}],"predecessor-version":[{"id":4717,"href":"https:\/\/creative-europe.lu\/fr\/wp-json\/wp\/v2\/cuco_events\/4712\/revisions\/4717"}],"wp:featuredmedia":[{"embeddable":true,"href":"https:\/\/creative-europe.lu\/fr\/wp-json\/wp\/v2\/media\/4713"}],"wp:attachment":[{"href":"https:\/\/creative-europe.lu\/fr\/wp-json\/wp\/v2\/media?parent=4712"}],"wp:term":[{"taxonomy":"category","embeddable":true,"href":"https:\/\/creative-europe.lu\/fr\/wp-json\/wp\/v2\/categories?post=4712"},{"taxonomy":"event_category","embeddable":true,"href":"https:\/\/creative-europe.lu\/fr\/wp-json\/wp\/v2\/event_category?post=4712"},{"taxonomy":"language","embeddable":true,"href":"https:\/\/creative-europe.lu\/fr\/wp-json\/wp\/v2\/language?post=4712"},{"taxonomy":"event_organisator","embeddable":true,"href":"https:\/\/creative-europe.lu\/fr\/wp-json\/wp\/v2\/event_organisator?post=4712"},{"taxonomy":"sectors","embeddable":true,"href":"https:\/\/creative-europe.lu\/fr\/wp-json\/wp\/v2\/sectors?post=4712"}],"curies":[{"name":"wp","href":"https:\/\/api.w.org\/{rel}","templated":true}]}}