{"id":3967,"date":"2022-05-05T09:56:38","date_gmt":"2022-05-05T07:56:38","guid":{"rendered":"https:\/\/creative-europe.lu\/?post_type=cuco_events&#038;p=3967"},"modified":"2022-05-05T09:58:27","modified_gmt":"2022-05-05T07:58:27","slug":"creative-europe-desk-europe-day-2022","status":"publish","type":"cuco_events","link":"https:\/\/creative-europe.lu\/fr\/event\/creative-europe-desk-europe-day-2022\/","title":{"rendered":"Creative Europe Desk @ Europe Day 2022"},"content":{"rendered":"<div class=\"wpb-content-wrapper\"><p>[vc_row][vc_column width=\u00a0\u00bb1\/3&Prime;][vc_single_image image=\u00a0\u00bb3968&Prime; img_size=\u00a0\u00bbfull\u00a0\u00bb][\/vc_column][vc_column width=\u00a0\u00bb2\/3&Prime;][vc_column_text]Chaque ann\u00e9e, la \u00ab Journ\u00e9e de l\u2019Europe \u00bb, rend hommage \u00e0 la d\u00e9claration de Robert Schuman en 1950 en mettant en avant les valeurs europ\u00e9ennes de paix, d\u2019unit\u00e9, de solidarit\u00e9, de d\u00e9mocratie et de libert\u00e9. La symbolique est d\u2019autant plus forte cette ann\u00e9e suite \u00e0 l\u2019agression militaire non provoqu\u00e9e et injustifi\u00e9e de la Russie contre l\u2019Ukraine.<br \/>\n60 stands d\u2019informations sur la Place de la R\u00e9sistance \u00e0 Esch-sur-Alzette, permettront aux visiteurs de d\u00e9couvrir comment l\u2019Union europ\u00e9enne oeuvre au quotidien pour ses citoyens. Dans le cadre de l\u2019Ann\u00e9e europ\u00e9enne de la Jeunesse et en collaboration avec le minist\u00e8re de l&rsquo;\u00c9ducation nationale, de l&rsquo;Enfance et de la Jeunesse, le public pourra \u00e9galement d\u00e9couvrir les 30 stands de la \u00ab zone jeunesse \u00bb dans la cour de l\u2019\u00e9cole du Brill. Un programme culturel vari\u00e9 sera assur\u00e9 tout au long de la journ\u00e9e, y inclus par des musiciens et artistes ukrainiens.[\/vc_column_text][\/vc_column][\/vc_row][vc_row][vc_column][vc_column_text]Comme tous les ans, le Creative Europe Desk du Luxembourg sera pr\u00e9sent avec son propre stand lors de cette F\u00eate de l&rsquo;Europe.<\/p>\n<p>Venez \u00e0 notre rencontre et d\u00e9couvrez les opportunit\u00e9s des volets MEDIA et Culture du programme europ\u00e9en pour les secteurs culturels et cr\u00e9atifs ![\/vc_column_text][vc_column_text]<\/p>\n<h3>Programme culturel<\/h3>\n<h4>Main stage<\/h4>\n<ul>\n<li>12h10 &#8211; 12h20 : Conf\u00e9rence sur l&rsquo;avenir de l&rsquo;Europe<\/li>\n<li>12h25 &#8211; 12h30 : Club Gaida (danses folkloriques bulgares)<\/li>\n<li>12h45 &#8211; 13h00 : Danses populaires europ\u00e9ennes<\/li>\n<li>13h05 &#8211; 13h20 : Hellenic Dances Club<\/li>\n<li>14h00 &#8211; 15h00 : C\u00e9r\u00e9monie officielle<\/li>\n<li>15h00 &#8211; 15h20 : Belle Bandura (ensemble musical ukrainien)<\/li>\n<li>15h30 &#8211; 15h45 : Polanie Folk Dance Ensemble (danses traditionnelles polonaises)<\/li>\n<li>15h50 &#8211; 16h05 : Hip-Hop<\/li>\n<li>16h10 &#8211; 16h50 : DJ Don Simon<\/li>\n<li>17h15 &#8211; 18h00 : Concert de cl\u00f4ture &#8211; CHAiLD (electro-pop)<\/li>\n<\/ul>\n<p>&nbsp;<\/p>\n<h4>Youth Area<\/h4>\n<ul>\n<li>12h00 &#8211; 12h15 : Sluxacik (danses traditionnelles slovaques)<\/li>\n<li>12h20 &#8211; 12h35 : Danse orientale<\/li>\n<li>13h00 &#8211; 13h20 : Ouverture officielle de la \u00ab\u00a0Youth Area\u00a0\u00bb<\/li>\n<li>13h20 &#8211; 13h35 : Danse sur la th\u00e9matique de l&rsquo;Europe<\/li>\n<li>15h00 &#8211; 15h15 : Hip-hop<\/li>\n<li>16h00 &#8211; 16h30 : BigLongtheRoad (rap)<\/li>\n<li>16h30 &#8211; 16h50 : Tatta Tom<\/li>\n<li>17h00 &#8211; 17h30 : Alex Zimmer &#8211; MC Almer \/ Joe Bech &#8211; XNXRCHY (rap)<\/li>\n<\/ul>\n<p>[\/vc_column_text][\/vc_column][\/vc_row]<\/p>\n<\/div>","protected":false},"excerpt":{"rendered":"<p>[vc_row][vc_column width=\u00a0\u00bb1\/3&Prime;][vc_single_image image=\u00a0\u00bb3968&Prime; img_size=\u00a0\u00bbfull\u00a0\u00bb][\/vc_column][vc_column width=\u00a0\u00bb2\/3&Prime;][vc_column_text]Chaque ann\u00e9e, la \u00ab Journ\u00e9e de l\u2019Europe \u00bb, rend hommage \u00e0 la d\u00e9claration de Robert Schuman en 1950 en mettant en avant les valeurs europ\u00e9ennes de paix, d\u2019unit\u00e9, de solidarit\u00e9, de d\u00e9mocratie et de libert\u00e9. La symbolique est d\u2019autant plus forte cette ann\u00e9e suite \u00e0 l\u2019agression militaire non provoqu\u00e9e et injustifi\u00e9e [&hellip;]<\/p>\n","protected":false},"featured_media":3968,"template":"","categories":[17,18,1],"event_category":[24],"language":[54,55,53,56],"event_organisator":[28],"sectors":[868,869,870,75,33,31,43,38,34,36,37,46,64,63,32,39,44,47,42,48,40,35,41,45],"class_list":["post-3967","cuco_events","type-cuco_events","status-publish","has-post-thumbnail","hentry","category-media","category-culture","category-cross-sectoral","event_category-stand-at-fair-festival","language-english","language-french","language-german","language-other","event_organisator-eac-eacea","sectors-series","sectors-tv","sectors-short-film","sectors-animation","sectors-architecture","sectors-audiovisual","sectors-book-publishing-sector","sectors-circus-arts","sectors-cultural-heritage","sectors-dance","sectors-design","sectors-digital-arts","sectors-documentary","sectors-film","sectors-gaming","sectors-multidisciplinary","sectors-music","sectors-news-media-journalism","sectors-opera","sectors-other","sectors-performing-arts","sectors-photography","sectors-theater","sectors-visual-arts"],"acf":[],"yoast_head":"<!-- This site is optimized with the Yoast SEO plugin v27.3 - https:\/\/yoast.com\/product\/yoast-seo-wordpress\/ -->\n<title>Creative Europe Desk @ Europe Day 2022 - Creative Europe<\/title>\n<meta name=\"robots\" content=\"index, follow, max-snippet:-1, max-image-preview:large, max-video-preview:-1\" \/>\n<link rel=\"canonical\" href=\"https:\/\/creative-europe.lu\/fr\/event\/creative-europe-desk-europe-day-2022\/\" \/>\n<meta property=\"og:locale\" content=\"fr_FR\" \/>\n<meta property=\"og:type\" content=\"article\" \/>\n<meta property=\"og:title\" content=\"Creative Europe Desk @ Europe Day 2022 - Creative Europe\" \/>\n<meta property=\"og:description\" content=\"[vc_row][vc_column width=\u00a0\u00bb1\/3&Prime;][vc_single_image image=\u00a0\u00bb3968&Prime; img_size=\u00a0\u00bbfull\u00a0\u00bb][\/vc_column][vc_column width=\u00a0\u00bb2\/3&Prime;][vc_column_text]Chaque ann\u00e9e, la \u00ab Journ\u00e9e de l\u2019Europe \u00bb, rend hommage \u00e0 la d\u00e9claration de Robert Schuman en 1950 en mettant en avant les valeurs europ\u00e9ennes de paix, d\u2019unit\u00e9, de solidarit\u00e9, de d\u00e9mocratie et de libert\u00e9. La symbolique est d\u2019autant plus forte cette ann\u00e9e suite \u00e0 l\u2019agression militaire non provoqu\u00e9e et injustifi\u00e9e [&hellip;]\" \/>\n<meta property=\"og:url\" content=\"https:\/\/creative-europe.lu\/fr\/event\/creative-europe-desk-europe-day-2022\/\" \/>\n<meta property=\"og:site_name\" content=\"Creative Europe\" \/>\n<meta property=\"article:modified_time\" content=\"2022-05-05T07:58:27+00:00\" \/>\n<meta property=\"og:image\" content=\"https:\/\/creative-europe.lu\/wp-content\/uploads\/2022\/05\/MS_Social-Media-Post_1080x1080-scaled.jpg\" \/>\n\t<meta property=\"og:image:width\" content=\"2560\" \/>\n\t<meta property=\"og:image:height\" content=\"2560\" \/>\n\t<meta property=\"og:image:type\" content=\"image\/jpeg\" \/>\n<meta name=\"twitter:card\" content=\"summary_large_image\" \/>\n<meta name=\"twitter:label1\" content=\"Dur\u00e9e de lecture estim\u00e9e\" \/>\n\t<meta name=\"twitter:data1\" content=\"2 minutes\" \/>\n<script type=\"application\/ld+json\" class=\"yoast-schema-graph\">{\"@context\":\"https:\\\/\\\/schema.org\",\"@graph\":[{\"@type\":\"WebPage\",\"@id\":\"https:\\\/\\\/creative-europe.lu\\\/fr\\\/event\\\/creative-europe-desk-europe-day-2022\\\/\",\"url\":\"https:\\\/\\\/creative-europe.lu\\\/fr\\\/event\\\/creative-europe-desk-europe-day-2022\\\/\",\"name\":\"Creative Europe Desk @ Europe Day 2022 - Creative Europe\",\"isPartOf\":{\"@id\":\"https:\\\/\\\/creative-europe.lu\\\/fr\\\/#website\"},\"primaryImageOfPage\":{\"@id\":\"https:\\\/\\\/creative-europe.lu\\\/fr\\\/event\\\/creative-europe-desk-europe-day-2022\\\/#primaryimage\"},\"image\":{\"@id\":\"https:\\\/\\\/creative-europe.lu\\\/fr\\\/event\\\/creative-europe-desk-europe-day-2022\\\/#primaryimage\"},\"thumbnailUrl\":\"https:\\\/\\\/creative-europe.lu\\\/wp-content\\\/uploads\\\/2022\\\/05\\\/MS_Social-Media-Post_1080x1080-scaled.jpg\",\"datePublished\":\"2022-05-05T07:56:38+00:00\",\"dateModified\":\"2022-05-05T07:58:27+00:00\",\"breadcrumb\":{\"@id\":\"https:\\\/\\\/creative-europe.lu\\\/fr\\\/event\\\/creative-europe-desk-europe-day-2022\\\/#breadcrumb\"},\"inLanguage\":\"fr-FR\",\"potentialAction\":[{\"@type\":\"ReadAction\",\"target\":[\"https:\\\/\\\/creative-europe.lu\\\/fr\\\/event\\\/creative-europe-desk-europe-day-2022\\\/\"]}]},{\"@type\":\"ImageObject\",\"inLanguage\":\"fr-FR\",\"@id\":\"https:\\\/\\\/creative-europe.lu\\\/fr\\\/event\\\/creative-europe-desk-europe-day-2022\\\/#primaryimage\",\"url\":\"https:\\\/\\\/creative-europe.lu\\\/wp-content\\\/uploads\\\/2022\\\/05\\\/MS_Social-Media-Post_1080x1080-scaled.jpg\",\"contentUrl\":\"https:\\\/\\\/creative-europe.lu\\\/wp-content\\\/uploads\\\/2022\\\/05\\\/MS_Social-Media-Post_1080x1080-scaled.jpg\",\"width\":2560,\"height\":2560},{\"@type\":\"BreadcrumbList\",\"@id\":\"https:\\\/\\\/creative-europe.lu\\\/fr\\\/event\\\/creative-europe-desk-europe-day-2022\\\/#breadcrumb\",\"itemListElement\":[{\"@type\":\"ListItem\",\"position\":1,\"name\":\"Home\",\"item\":\"https:\\\/\\\/creative-europe.lu\\\/fr\\\/home\\\/\"},{\"@type\":\"ListItem\",\"position\":2,\"name\":\"Creative Europe Desk @ Europe Day 2022\"}]},{\"@type\":\"WebSite\",\"@id\":\"https:\\\/\\\/creative-europe.lu\\\/fr\\\/#website\",\"url\":\"https:\\\/\\\/creative-europe.lu\\\/fr\\\/\",\"name\":\"Creative Europe\",\"description\":\"\",\"publisher\":{\"@id\":\"https:\\\/\\\/creative-europe.lu\\\/fr\\\/#organization\"},\"potentialAction\":[{\"@type\":\"SearchAction\",\"target\":{\"@type\":\"EntryPoint\",\"urlTemplate\":\"https:\\\/\\\/creative-europe.lu\\\/fr\\\/?s={search_term_string}\"},\"query-input\":{\"@type\":\"PropertyValueSpecification\",\"valueRequired\":true,\"valueName\":\"search_term_string\"}}],\"inLanguage\":\"fr-FR\"},{\"@type\":\"Organization\",\"@id\":\"https:\\\/\\\/creative-europe.lu\\\/fr\\\/#organization\",\"name\":\"Creative Europe | Desk Luxembourg\",\"url\":\"https:\\\/\\\/creative-europe.lu\\\/fr\\\/\",\"logo\":{\"@type\":\"ImageObject\",\"inLanguage\":\"fr-FR\",\"@id\":\"https:\\\/\\\/creative-europe.lu\\\/fr\\\/#\\\/schema\\\/logo\\\/image\\\/\",\"url\":\"https:\\\/\\\/creative-europe.lu\\\/wp-content\\\/uploads\\\/2021\\\/12\\\/ce_desklux_blue_logo.png\",\"contentUrl\":\"https:\\\/\\\/creative-europe.lu\\\/wp-content\\\/uploads\\\/2021\\\/12\\\/ce_desklux_blue_logo.png\",\"width\":2476,\"height\":527,\"caption\":\"Creative Europe | Desk Luxembourg\"},\"image\":{\"@id\":\"https:\\\/\\\/creative-europe.lu\\\/fr\\\/#\\\/schema\\\/logo\\\/image\\\/\"}}]}<\/script>\n<!-- \/ Yoast SEO plugin. -->","yoast_head_json":{"title":"Creative Europe Desk @ Europe Day 2022 - Creative Europe","robots":{"index":"index","follow":"follow","max-snippet":"max-snippet:-1","max-image-preview":"max-image-preview:large","max-video-preview":"max-video-preview:-1"},"canonical":"https:\/\/creative-europe.lu\/fr\/event\/creative-europe-desk-europe-day-2022\/","og_locale":"fr_FR","og_type":"article","og_title":"Creative Europe Desk @ Europe Day 2022 - Creative Europe","og_description":"[vc_row][vc_column width=\u00a0\u00bb1\/3&Prime;][vc_single_image image=\u00a0\u00bb3968&Prime; img_size=\u00a0\u00bbfull\u00a0\u00bb][\/vc_column][vc_column width=\u00a0\u00bb2\/3&Prime;][vc_column_text]Chaque ann\u00e9e, la \u00ab Journ\u00e9e de l\u2019Europe \u00bb, rend hommage \u00e0 la d\u00e9claration de Robert Schuman en 1950 en mettant en avant les valeurs europ\u00e9ennes de paix, d\u2019unit\u00e9, de solidarit\u00e9, de d\u00e9mocratie et de libert\u00e9. La symbolique est d\u2019autant plus forte cette ann\u00e9e suite \u00e0 l\u2019agression militaire non provoqu\u00e9e et injustifi\u00e9e [&hellip;]","og_url":"https:\/\/creative-europe.lu\/fr\/event\/creative-europe-desk-europe-day-2022\/","og_site_name":"Creative Europe","article_modified_time":"2022-05-05T07:58:27+00:00","og_image":[{"width":2560,"height":2560,"url":"https:\/\/creative-europe.lu\/wp-content\/uploads\/2022\/05\/MS_Social-Media-Post_1080x1080-scaled.jpg","type":"image\/jpeg"}],"twitter_card":"summary_large_image","twitter_misc":{"Dur\u00e9e de lecture estim\u00e9e":"2 minutes"},"schema":{"@context":"https:\/\/schema.org","@graph":[{"@type":"WebPage","@id":"https:\/\/creative-europe.lu\/fr\/event\/creative-europe-desk-europe-day-2022\/","url":"https:\/\/creative-europe.lu\/fr\/event\/creative-europe-desk-europe-day-2022\/","name":"Creative Europe Desk @ Europe Day 2022 - Creative Europe","isPartOf":{"@id":"https:\/\/creative-europe.lu\/fr\/#website"},"primaryImageOfPage":{"@id":"https:\/\/creative-europe.lu\/fr\/event\/creative-europe-desk-europe-day-2022\/#primaryimage"},"image":{"@id":"https:\/\/creative-europe.lu\/fr\/event\/creative-europe-desk-europe-day-2022\/#primaryimage"},"thumbnailUrl":"https:\/\/creative-europe.lu\/wp-content\/uploads\/2022\/05\/MS_Social-Media-Post_1080x1080-scaled.jpg","datePublished":"2022-05-05T07:56:38+00:00","dateModified":"2022-05-05T07:58:27+00:00","breadcrumb":{"@id":"https:\/\/creative-europe.lu\/fr\/event\/creative-europe-desk-europe-day-2022\/#breadcrumb"},"inLanguage":"fr-FR","potentialAction":[{"@type":"ReadAction","target":["https:\/\/creative-europe.lu\/fr\/event\/creative-europe-desk-europe-day-2022\/"]}]},{"@type":"ImageObject","inLanguage":"fr-FR","@id":"https:\/\/creative-europe.lu\/fr\/event\/creative-europe-desk-europe-day-2022\/#primaryimage","url":"https:\/\/creative-europe.lu\/wp-content\/uploads\/2022\/05\/MS_Social-Media-Post_1080x1080-scaled.jpg","contentUrl":"https:\/\/creative-europe.lu\/wp-content\/uploads\/2022\/05\/MS_Social-Media-Post_1080x1080-scaled.jpg","width":2560,"height":2560},{"@type":"BreadcrumbList","@id":"https:\/\/creative-europe.lu\/fr\/event\/creative-europe-desk-europe-day-2022\/#breadcrumb","itemListElement":[{"@type":"ListItem","position":1,"name":"Home","item":"https:\/\/creative-europe.lu\/fr\/home\/"},{"@type":"ListItem","position":2,"name":"Creative Europe Desk @ Europe Day 2022"}]},{"@type":"WebSite","@id":"https:\/\/creative-europe.lu\/fr\/#website","url":"https:\/\/creative-europe.lu\/fr\/","name":"Creative Europe","description":"","publisher":{"@id":"https:\/\/creative-europe.lu\/fr\/#organization"},"potentialAction":[{"@type":"SearchAction","target":{"@type":"EntryPoint","urlTemplate":"https:\/\/creative-europe.lu\/fr\/?s={search_term_string}"},"query-input":{"@type":"PropertyValueSpecification","valueRequired":true,"valueName":"search_term_string"}}],"inLanguage":"fr-FR"},{"@type":"Organization","@id":"https:\/\/creative-europe.lu\/fr\/#organization","name":"Creative Europe | Desk Luxembourg","url":"https:\/\/creative-europe.lu\/fr\/","logo":{"@type":"ImageObject","inLanguage":"fr-FR","@id":"https:\/\/creative-europe.lu\/fr\/#\/schema\/logo\/image\/","url":"https:\/\/creative-europe.lu\/wp-content\/uploads\/2021\/12\/ce_desklux_blue_logo.png","contentUrl":"https:\/\/creative-europe.lu\/wp-content\/uploads\/2021\/12\/ce_desklux_blue_logo.png","width":2476,"height":527,"caption":"Creative Europe | Desk Luxembourg"},"image":{"@id":"https:\/\/creative-europe.lu\/fr\/#\/schema\/logo\/image\/"}}]}},"_links":{"self":[{"href":"https:\/\/creative-europe.lu\/fr\/wp-json\/wp\/v2\/cuco_events\/3967","targetHints":{"allow":["GET"]}}],"collection":[{"href":"https:\/\/creative-europe.lu\/fr\/wp-json\/wp\/v2\/cuco_events"}],"about":[{"href":"https:\/\/creative-europe.lu\/fr\/wp-json\/wp\/v2\/types\/cuco_events"}],"version-history":[{"count":3,"href":"https:\/\/creative-europe.lu\/fr\/wp-json\/wp\/v2\/cuco_events\/3967\/revisions"}],"predecessor-version":[{"id":3972,"href":"https:\/\/creative-europe.lu\/fr\/wp-json\/wp\/v2\/cuco_events\/3967\/revisions\/3972"}],"wp:featuredmedia":[{"embeddable":true,"href":"https:\/\/creative-europe.lu\/fr\/wp-json\/wp\/v2\/media\/3968"}],"wp:attachment":[{"href":"https:\/\/creative-europe.lu\/fr\/wp-json\/wp\/v2\/media?parent=3967"}],"wp:term":[{"taxonomy":"category","embeddable":true,"href":"https:\/\/creative-europe.lu\/fr\/wp-json\/wp\/v2\/categories?post=3967"},{"taxonomy":"event_category","embeddable":true,"href":"https:\/\/creative-europe.lu\/fr\/wp-json\/wp\/v2\/event_category?post=3967"},{"taxonomy":"language","embeddable":true,"href":"https:\/\/creative-europe.lu\/fr\/wp-json\/wp\/v2\/language?post=3967"},{"taxonomy":"event_organisator","embeddable":true,"href":"https:\/\/creative-europe.lu\/fr\/wp-json\/wp\/v2\/event_organisator?post=3967"},{"taxonomy":"sectors","embeddable":true,"href":"https:\/\/creative-europe.lu\/fr\/wp-json\/wp\/v2\/sectors?post=3967"}],"curies":[{"name":"wp","href":"https:\/\/api.w.org\/{rel}","templated":true}]}}